{"id":1112,"date":"2022-03-02T10:44:06","date_gmt":"2022-03-02T10:44:06","guid":{"rendered":"https:\/\/palmaescolesinfants.cat\/?page_id=1112"},"modified":"2022-10-17T12:40:37","modified_gmt":"2022-10-17T12:40:37","slug":"canales-de-comunicacion-y-proteccion-de-datos","status":"publish","type":"page","link":"https:\/\/palmaescolesinfants.cat\/es\/canales-de-comunicacion-y-proteccion-de-datos\/","title":{"rendered":"Canales de comunicaci\u00f3n y protecci\u00f3n de datos"},"content":{"rendered":"\t\t<div data-elementor-type=\"wp-page\" data-elementor-id=\"1112\" class=\"elementor elementor-1112\">\n\t\t\t\t\t\t<section class=\"elementor-section elementor-top-section elementor-element elementor-element-34febe84 elementor-section-height-min-height elementor-section-items-stretch elementor-section-boxed elementor-section-height-default\" data-id=\"34febe84\" data-element_type=\"section\" data-settings=\"{&quot;background_background&quot;:&quot;classic&quot;}\">\n\t\t\t\t\t\t\t<div class=\"elementor-background-overlay\"><\/div>\n\t\t\t\t\t\t\t<div class=\"elementor-container elementor-column-gap-no\">\n\t\t\t\t\t<div class=\"elementor-column elementor-col-100 elementor-top-column elementor-element elementor-element-3fd586f8\" data-id=\"3fd586f8\" data-element_type=\"column\" data-settings=\"{&quot;background_background&quot;:&quot;classic&quot;}\">\n\t\t\t<div class=\"elementor-widget-wrap elementor-element-populated\">\n\t\t\t\t\t<div class=\"elementor-background-overlay\"><\/div>\n\t\t\t\t\t\t<div class=\"elementor-element elementor-element-f129611 elementor-widget elementor-widget-heading\" data-id=\"f129611\" data-element_type=\"widget\" data-widget_type=\"heading.default\">\n\t\t\t\t<div class=\"elementor-widget-container\">\n\t\t\t\t\t<h2 class=\"elementor-heading-title elementor-size-default\">ORGANIZACI\u00d3N<\/h2>\t\t\t\t<\/div>\n\t\t\t\t<\/div>\n\t\t\t\t<div class=\"elementor-element elementor-element-ec0b800 elementor-widget elementor-widget-spacer\" data-id=\"ec0b800\" data-element_type=\"widget\" data-widget_type=\"spacer.default\">\n\t\t\t\t<div class=\"elementor-widget-container\">\n\t\t\t\t\t\t\t<div class=\"elementor-spacer\">\n\t\t\t<div class=\"elementor-spacer-inner\"><\/div>\n\t\t<\/div>\n\t\t\t\t\t\t<\/div>\n\t\t\t\t<\/div>\n\t\t\t\t<div class=\"elementor-element elementor-element-fe43ea2 elementor-widget elementor-widget-heading\" data-id=\"fe43ea2\" data-element_type=\"widget\" data-widget_type=\"heading.default\">\n\t\t\t\t<div class=\"elementor-widget-container\">\n\t\t\t\t\t<h1 class=\"elementor-heading-title elementor-size-default\">Canales de comunicaci\u00f3n y protecci\u00f3n de datos<\/h1>\t\t\t\t<\/div>\n\t\t\t\t<\/div>\n\t\t\t\t\t<\/div>\n\t\t<\/div>\n\t\t\t\t\t<\/div>\n\t\t<\/section>\n\t\t\t\t<section class=\"elementor-section elementor-top-section elementor-element elementor-element-627c8f4 elementor-section-boxed elementor-section-height-default elementor-section-height-default\" data-id=\"627c8f4\" data-element_type=\"section\" data-settings=\"{&quot;background_background&quot;:&quot;classic&quot;}\">\n\t\t\t\t\t\t<div class=\"elementor-container elementor-column-gap-no\">\n\t\t\t\t\t<div class=\"elementor-column elementor-col-100 elementor-top-column elementor-element elementor-element-fa90c9d\" data-id=\"fa90c9d\" data-element_type=\"column\" data-settings=\"{&quot;background_background&quot;:&quot;classic&quot;}\">\n\t\t\t<div class=\"elementor-widget-wrap elementor-element-populated\">\n\t\t\t\t\t\t<div class=\"elementor-element elementor-element-f06fb8d elementor-widget elementor-widget-heading\" data-id=\"f06fb8d\" data-element_type=\"widget\" data-widget_type=\"heading.default\">\n\t\t\t\t<div class=\"elementor-widget-container\">\n\t\t\t\t\t<div class=\"elementor-heading-title elementor-size-default\">Introducci\u00f3n de nuevos canales de comunicaci\u00f3n, protecci\u00f3n de datos y derechos de imagen<\/div>\t\t\t\t<\/div>\n\t\t\t\t<\/div>\n\t\t\t\t<div class=\"elementor-element elementor-element-d99017a elementor-widget-divider--view-line elementor-widget elementor-widget-divider\" data-id=\"d99017a\" data-element_type=\"widget\" data-widget_type=\"divider.default\">\n\t\t\t\t<div class=\"elementor-widget-container\">\n\t\t\t\t\t\t\t<div class=\"elementor-divider\">\n\t\t\t<span class=\"elementor-divider-separator\">\n\t\t\t\t\t\t<\/span>\n\t\t<\/div>\n\t\t\t\t\t\t<\/div>\n\t\t\t\t<\/div>\n\t\t\t\t<section class=\"elementor-section elementor-inner-section elementor-element elementor-element-b51d073 elementor-section-boxed elementor-section-height-default elementor-section-height-default\" data-id=\"b51d073\" data-element_type=\"section\">\n\t\t\t\t\t\t<div class=\"elementor-container elementor-column-gap-default\">\n\t\t\t\t\t<div class=\"elementor-column elementor-col-100 elementor-inner-column elementor-element elementor-element-4e4ae44\" data-id=\"4e4ae44\" data-element_type=\"column\">\n\t\t\t<div class=\"elementor-widget-wrap elementor-element-populated\">\n\t\t\t\t\t\t<div class=\"elementor-element elementor-element-44928d7 textonegro elementor-widget elementor-widget-text-editor\" data-id=\"44928d7\" data-element_type=\"widget\" data-widget_type=\"text-editor.default\">\n\t\t\t\t<div class=\"elementor-widget-container\">\n\t\t\t\t\t\t\t\t\t<p>En la p\u00e1gina de <a href=\"https:\/\/palmaescolesinfants.cat\/es\/politica-privacidad\/\"><em>Pol\u00edtica de privacidad<\/em><\/a>, se incorpora la pol\u00edtica de privacidad y de protecci\u00f3n de datos del PMEI. En ella encontrar\u00e1 toda la informaci\u00f3n sobre c\u00f3mo tratamos sus datos de car\u00e1cter personal. En particular, nos gustar\u00eda destacar los usos para los que solicitaremos expresamente su autorizaci\u00f3n:<\/p><ul><li><p>Gracias a la experiencia de estos \u00faltimos a\u00f1os, hemos observado c\u00f3mo es de imprescindible incorporar nuevos canales de comunicaci\u00f3n para asegurar una informaci\u00f3n lo m\u00e1s \u00e1gil y eficaz posible. Por ello, desde el curso 2020-2021, hemos incorporado sistemas de mensajer\u00eda instant\u00e1nea, como WhatsApp y Telegram (o similar), y correo electr\u00f3nico, as\u00ed como otros medios que permiten transmitir notificaciones y avisos. De esta manera, siempre que hayan firmado la <a href=\"https:\/\/palmaescolesinfants.cat\/wp-content\/uploads\/2022\/03\/PDF_DOCUMENT-MATRICULACIO-DADES-CENTRE.pdf\" target=\"_blank\" rel=\"noopener\">autorizaci\u00f3n<\/a> pertinente, las familias podr\u00e1n recibir informaci\u00f3n sobre cuestiones organizativas o de car\u00e1cter administrativo y pedag\u00f3gico a trav\u00e9s de estos canales.<\/p><\/li><li><p>Por otra parte, para garantizar los derechos de protecci\u00f3n de datos y de imagen de los ni\u00f1os y ni\u00f1as, le indicamos que el PMEI solo podr\u00e1 usar im\u00e1genes, v\u00eddeos y grabaciones de voz para llevar a cabo actividades formativas internas en los centros y para documentar, por medio del informe individualizado de final de curso, los procesos y los itinerarios de los ni\u00f1os y las ni\u00f1as. No obstante, para cualquier otro uso que se pretenda hacer de estos datos, el PMEI deber\u00e1 solicitar la <a href=\"https:\/\/palmaescolesinfants.cat\/wp-content\/uploads\/2022\/03\/PDF_DOCUMENT-MATRICULACIO-DADES-CENTRE.pdf\" target=\"_blank\" rel=\"noopener\">autorizaci\u00f3n<\/a> de los padres, madres y\/o tutores o tutoras legales. Es por este motivo que le solicitaremos su consentimiento para que su hijo o hija participe en las im\u00e1genes de grupo que aparecer\u00e1n en los informes individualizados de los compa\u00f1eros y compa\u00f1eras del aula y para poder incluirlas en documentos que divulgan la labor que se realiza en las escuelas infantiles del PMEI.<\/p><\/li><\/ul><p><strong>Fotograf\u00edas propias y redes sociales:<\/strong> con el fin de garantizar el derecho de imagen de todos los ni\u00f1os y ni\u00f1as, de acuerdo con la normativa vigente en materia de protecci\u00f3n de datos de car\u00e1cter personal y la referente a los derechos de imagen, se solicita a las familias que no tomen fotograf\u00edas dentro de las escuelas infantiles. A final de curso, se pondr\u00e1 a disposici\u00f3n de las familias un informe individualizado que documentar\u00e1 con im\u00e1genes los procesos y los itinerarios en los que el ni\u00f1o o la ni\u00f1a haya participado. Si se facilitan im\u00e1genes de grupo, estas no podr\u00e1n compartirse en las redes sociales.<\/p>\t\t\t\t\t\t\t\t<\/div>\n\t\t\t\t<\/div>\n\t\t\t\t\t<\/div>\n\t\t<\/div>\n\t\t\t\t\t<\/div>\n\t\t<\/section>\n\t\t\t\t\t<\/div>\n\t\t<\/div>\n\t\t\t\t\t<\/div>\n\t\t<\/section>\n\t\t\t\t<\/div>\n\t\t","protected":false},"excerpt":{"rendered":"<p>ORGANIZACI\u00d3N Canales de comunicaci\u00f3n y protecci\u00f3n de datos Introducci\u00f3n de nuevos canales de comunicaci\u00f3n, protecci\u00f3n de datos y derechos de imagen En la p\u00e1gina de Pol\u00edtica de privacidad, se incorpora la pol\u00edtica de privacidad y de protecci\u00f3n de datos del PMEI. En ella encontrar\u00e1 toda la informaci\u00f3n sobre c\u00f3mo tratamos sus datos de car\u00e1cter personal. [&hellip;]<\/p>\n","protected":false},"author":1,"featured_media":0,"parent":0,"menu_order":0,"comment_status":"closed","ping_status":"closed","template":"elementor_header_footer","meta":{"inline_featured_image":false,"footnotes":""},"class_list":["post-1112","page","type-page","status-publish","hentry"],"yoast_head":"<!-- This site is optimized with the Yoast SEO plugin v24.5 - https:\/\/yoast.com\/wordpress\/plugins\/seo\/ -->\n<title>Canals de comunicaci\u00f3 i protecci\u00f3 de dades - PMEI | Ajuntament de Palma<\/title>\n<meta name=\"robots\" content=\"index, follow, max-snippet:-1, max-image-preview:large, max-video-preview:-1\" \/>\n<link rel=\"canonical\" href=\"https:\/\/palmaescolesinfants.cat\/es\/canales-de-comunicacion-y-proteccion-de-datos\/\" \/>\n<meta property=\"og:locale\" content=\"es_ES\" \/>\n<meta property=\"og:type\" content=\"article\" \/>\n<meta property=\"og:title\" content=\"Canals de comunicaci\u00f3 i protecci\u00f3 de dades - PMEI | Ajuntament de Palma\" \/>\n<meta property=\"og:description\" content=\"ORGANIZACI\u00d3N Canales de comunicaci\u00f3n y protecci\u00f3n de datos Introducci\u00f3n de nuevos canales de comunicaci\u00f3n, protecci\u00f3n de datos y derechos de imagen En la p\u00e1gina de Pol\u00edtica de privacidad, se incorpora la pol\u00edtica de privacidad y de protecci\u00f3n de datos del PMEI. En ella encontrar\u00e1 toda la informaci\u00f3n sobre c\u00f3mo tratamos sus datos de car\u00e1cter personal. [&hellip;]\" \/>\n<meta property=\"og:url\" content=\"https:\/\/palmaescolesinfants.cat\/es\/canales-de-comunicacion-y-proteccion-de-datos\/\" \/>\n<meta property=\"og:site_name\" content=\"Patronat Municipal d&#039;Escoles d&#039;Infants de l&#039;Ajuntament de Palma\" \/>\n<meta property=\"article:modified_time\" content=\"2022-10-17T12:40:37+00:00\" \/>\n<meta name=\"twitter:card\" content=\"summary_large_image\" \/>\n<meta name=\"twitter:label1\" content=\"Tiempo de lectura\" \/>\n\t<meta name=\"twitter:data1\" content=\"3 minutos\" \/>\n<script type=\"application\/ld+json\" class=\"yoast-schema-graph\">{\"@context\":\"https:\/\/schema.org\",\"@graph\":[{\"@type\":\"WebPage\",\"@id\":\"https:\/\/palmaescolesinfants.cat\/es\/canales-de-comunicacion-y-proteccion-de-datos\/\",\"url\":\"https:\/\/palmaescolesinfants.cat\/es\/canales-de-comunicacion-y-proteccion-de-datos\/\",\"name\":\"Canals de comunicaci\u00f3 i protecci\u00f3 de dades - PMEI | Ajuntament de Palma\",\"isPartOf\":{\"@id\":\"https:\/\/palmaescolesinfants.cat\/#website\"},\"datePublished\":\"2022-03-02T10:44:06+00:00\",\"dateModified\":\"2022-10-17T12:40:37+00:00\",\"breadcrumb\":{\"@id\":\"https:\/\/palmaescolesinfants.cat\/es\/canales-de-comunicacion-y-proteccion-de-datos\/#breadcrumb\"},\"inLanguage\":\"es\",\"potentialAction\":[{\"@type\":\"ReadAction\",\"target\":[\"https:\/\/palmaescolesinfants.cat\/es\/canales-de-comunicacion-y-proteccion-de-datos\/\"]}]},{\"@type\":\"BreadcrumbList\",\"@id\":\"https:\/\/palmaescolesinfants.cat\/es\/canales-de-comunicacion-y-proteccion-de-datos\/#breadcrumb\",\"itemListElement\":[{\"@type\":\"ListItem\",\"position\":1,\"name\":\"Portada\",\"item\":\"https:\/\/palmaescolesinfants.cat\/\"},{\"@type\":\"ListItem\",\"position\":2,\"name\":\"Canales de comunicaci\u00f3n y protecci\u00f3n de datos\"}]},{\"@type\":\"WebSite\",\"@id\":\"https:\/\/palmaescolesinfants.cat\/#website\",\"url\":\"https:\/\/palmaescolesinfants.cat\/\",\"name\":\"Patronat Municipal d&#039;Escoles d&#039;Infants de l&#039;Ajuntament de Palma\",\"description\":\"L&#039;educaci\u00f3 dels infants \u00e9s el nostre principal objectiu\",\"potentialAction\":[{\"@type\":\"SearchAction\",\"target\":{\"@type\":\"EntryPoint\",\"urlTemplate\":\"https:\/\/palmaescolesinfants.cat\/?s={search_term_string}\"},\"query-input\":{\"@type\":\"PropertyValueSpecification\",\"valueRequired\":true,\"valueName\":\"search_term_string\"}}],\"inLanguage\":\"es\"}]}<\/script>\n<!-- \/ Yoast SEO plugin. -->","yoast_head_json":{"title":"Canals de comunicaci\u00f3 i protecci\u00f3 de dades - PMEI | Ajuntament de Palma","robots":{"index":"index","follow":"follow","max-snippet":"max-snippet:-1","max-image-preview":"max-image-preview:large","max-video-preview":"max-video-preview:-1"},"canonical":"https:\/\/palmaescolesinfants.cat\/es\/canales-de-comunicacion-y-proteccion-de-datos\/","og_locale":"es_ES","og_type":"article","og_title":"Canals de comunicaci\u00f3 i protecci\u00f3 de dades - PMEI | Ajuntament de Palma","og_description":"ORGANIZACI\u00d3N Canales de comunicaci\u00f3n y protecci\u00f3n de datos Introducci\u00f3n de nuevos canales de comunicaci\u00f3n, protecci\u00f3n de datos y derechos de imagen En la p\u00e1gina de Pol\u00edtica de privacidad, se incorpora la pol\u00edtica de privacidad y de protecci\u00f3n de datos del PMEI. En ella encontrar\u00e1 toda la informaci\u00f3n sobre c\u00f3mo tratamos sus datos de car\u00e1cter personal. [&hellip;]","og_url":"https:\/\/palmaescolesinfants.cat\/es\/canales-de-comunicacion-y-proteccion-de-datos\/","og_site_name":"Patronat Municipal d&#039;Escoles d&#039;Infants de l&#039;Ajuntament de Palma","article_modified_time":"2022-10-17T12:40:37+00:00","twitter_card":"summary_large_image","twitter_misc":{"Tiempo de lectura":"3 minutos"},"schema":{"@context":"https:\/\/schema.org","@graph":[{"@type":"WebPage","@id":"https:\/\/palmaescolesinfants.cat\/es\/canales-de-comunicacion-y-proteccion-de-datos\/","url":"https:\/\/palmaescolesinfants.cat\/es\/canales-de-comunicacion-y-proteccion-de-datos\/","name":"Canals de comunicaci\u00f3 i protecci\u00f3 de dades - PMEI | Ajuntament de Palma","isPartOf":{"@id":"https:\/\/palmaescolesinfants.cat\/#website"},"datePublished":"2022-03-02T10:44:06+00:00","dateModified":"2022-10-17T12:40:37+00:00","breadcrumb":{"@id":"https:\/\/palmaescolesinfants.cat\/es\/canales-de-comunicacion-y-proteccion-de-datos\/#breadcrumb"},"inLanguage":"es","potentialAction":[{"@type":"ReadAction","target":["https:\/\/palmaescolesinfants.cat\/es\/canales-de-comunicacion-y-proteccion-de-datos\/"]}]},{"@type":"BreadcrumbList","@id":"https:\/\/palmaescolesinfants.cat\/es\/canales-de-comunicacion-y-proteccion-de-datos\/#breadcrumb","itemListElement":[{"@type":"ListItem","position":1,"name":"Portada","item":"https:\/\/palmaescolesinfants.cat\/"},{"@type":"ListItem","position":2,"name":"Canales de comunicaci\u00f3n y protecci\u00f3n de datos"}]},{"@type":"WebSite","@id":"https:\/\/palmaescolesinfants.cat\/#website","url":"https:\/\/palmaescolesinfants.cat\/","name":"Patronat Municipal d&#039;Escoles d&#039;Infants de l&#039;Ajuntament de Palma","description":"L&#039;educaci\u00f3 dels infants \u00e9s el nostre principal objectiu","potentialAction":[{"@type":"SearchAction","target":{"@type":"EntryPoint","urlTemplate":"https:\/\/palmaescolesinfants.cat\/?s={search_term_string}"},"query-input":{"@type":"PropertyValueSpecification","valueRequired":true,"valueName":"search_term_string"}}],"inLanguage":"es"}]}},"_links":{"self":[{"href":"https:\/\/palmaescolesinfants.cat\/es\/wp-json\/wp\/v2\/pages\/1112","targetHints":{"allow":["GET"]}}],"collection":[{"href":"https:\/\/palmaescolesinfants.cat\/es\/wp-json\/wp\/v2\/pages"}],"about":[{"href":"https:\/\/palmaescolesinfants.cat\/es\/wp-json\/wp\/v2\/types\/page"}],"author":[{"embeddable":true,"href":"https:\/\/palmaescolesinfants.cat\/es\/wp-json\/wp\/v2\/users\/1"}],"replies":[{"embeddable":true,"href":"https:\/\/palmaescolesinfants.cat\/es\/wp-json\/wp\/v2\/comments?post=1112"}],"version-history":[{"count":33,"href":"https:\/\/palmaescolesinfants.cat\/es\/wp-json\/wp\/v2\/pages\/1112\/revisions"}],"predecessor-version":[{"id":3121,"href":"https:\/\/palmaescolesinfants.cat\/es\/wp-json\/wp\/v2\/pages\/1112\/revisions\/3121"}],"wp:attachment":[{"href":"https:\/\/palmaescolesinfants.cat\/es\/wp-json\/wp\/v2\/media?parent=1112"}],"curies":[{"name":"wp","href":"https:\/\/api.w.org\/{rel}","templated":true}]}}