{"id":1129,"date":"2022-03-02T10:46:33","date_gmt":"2022-03-02T10:46:33","guid":{"rendered":"https:\/\/palmaescolesinfants.cat\/?page_id=1129"},"modified":"2026-04-01T09:54:51","modified_gmt":"2026-04-01T09:54:51","slug":"solicitud-de-plaza-y-matricula","status":"publish","type":"page","link":"https:\/\/palmaescolesinfants.cat\/es\/solicitud-de-plaza-y-matricula\/","title":{"rendered":"Solicitud de plaza y matr\u00edcula"},"content":{"rendered":"\t\t<div data-elementor-type=\"wp-page\" data-elementor-id=\"1129\" class=\"elementor elementor-1129\">\n\t\t\t\t\t\t<section class=\"elementor-section elementor-top-section elementor-element elementor-element-34febe84 elementor-section-height-min-height elementor-section-items-stretch elementor-section-boxed elementor-section-height-default\" data-id=\"34febe84\" data-element_type=\"section\" data-settings=\"{&quot;background_background&quot;:&quot;classic&quot;}\">\n\t\t\t\t\t\t\t<div class=\"elementor-background-overlay\"><\/div>\n\t\t\t\t\t\t\t<div class=\"elementor-container elementor-column-gap-no\">\n\t\t\t\t\t<div class=\"elementor-column elementor-col-100 elementor-top-column elementor-element elementor-element-3fd586f8\" data-id=\"3fd586f8\" data-element_type=\"column\" data-settings=\"{&quot;background_background&quot;:&quot;classic&quot;}\">\n\t\t\t<div class=\"elementor-widget-wrap elementor-element-populated\">\n\t\t\t\t\t<div class=\"elementor-background-overlay\"><\/div>\n\t\t\t\t\t\t<div class=\"elementor-element elementor-element-f129611 elementor-widget elementor-widget-heading\" data-id=\"f129611\" data-element_type=\"widget\" data-widget_type=\"heading.default\">\n\t\t\t\t<div class=\"elementor-widget-container\">\n\t\t\t\t\t<h2 class=\"elementor-heading-title elementor-size-default\">ADMISI\u00d3N<\/h2>\t\t\t\t<\/div>\n\t\t\t\t<\/div>\n\t\t\t\t<div class=\"elementor-element elementor-element-ec0b800 elementor-widget elementor-widget-spacer\" data-id=\"ec0b800\" data-element_type=\"widget\" data-widget_type=\"spacer.default\">\n\t\t\t\t<div class=\"elementor-widget-container\">\n\t\t\t\t\t\t\t<div class=\"elementor-spacer\">\n\t\t\t<div class=\"elementor-spacer-inner\"><\/div>\n\t\t<\/div>\n\t\t\t\t\t\t<\/div>\n\t\t\t\t<\/div>\n\t\t\t\t<div class=\"elementor-element elementor-element-fe43ea2 elementor-widget elementor-widget-heading\" data-id=\"fe43ea2\" data-element_type=\"widget\" data-widget_type=\"heading.default\">\n\t\t\t\t<div class=\"elementor-widget-container\">\n\t\t\t\t\t<h1 class=\"elementor-heading-title elementor-size-default\">Solicitud de plaza y matr\u00edcula\n<\/h1>\t\t\t\t<\/div>\n\t\t\t\t<\/div>\n\t\t\t\t\t<\/div>\n\t\t<\/div>\n\t\t\t\t\t<\/div>\n\t\t<\/section>\n\t\t\t\t<section class=\"elementor-section elementor-top-section elementor-element elementor-element-fde8676 elementor-section-boxed elementor-section-height-default elementor-section-height-default\" data-id=\"fde8676\" data-element_type=\"section\" data-settings=\"{&quot;background_background&quot;:&quot;classic&quot;}\">\n\t\t\t\t\t\t<div class=\"elementor-container elementor-column-gap-no\">\n\t\t\t\t\t<div class=\"elementor-column elementor-col-100 elementor-top-column elementor-element elementor-element-0384264\" data-id=\"0384264\" data-element_type=\"column\" data-settings=\"{&quot;background_background&quot;:&quot;classic&quot;}\">\n\t\t\t<div class=\"elementor-widget-wrap elementor-element-populated\">\n\t\t\t\t\t\t<section class=\"elementor-section elementor-inner-section elementor-element elementor-element-63aa813 elementor-section-boxed elementor-section-height-default elementor-section-height-default\" data-id=\"63aa813\" data-element_type=\"section\">\n\t\t\t\t\t\t<div class=\"elementor-container elementor-column-gap-default\">\n\t\t\t\t\t<div class=\"elementor-column elementor-col-100 elementor-inner-column elementor-element elementor-element-e5790d0\" data-id=\"e5790d0\" data-element_type=\"column\">\n\t\t\t<div class=\"elementor-widget-wrap elementor-element-populated\">\n\t\t\t\t\t\t<div class=\"elementor-element elementor-element-7f9a13f elementor-widget elementor-widget-heading\" data-id=\"7f9a13f\" data-element_type=\"widget\" data-widget_type=\"heading.default\">\n\t\t\t\t<div class=\"elementor-widget-container\">\n\t\t\t\t\t<div class=\"elementor-heading-title elementor-size-default\">Dosier de solicitud de plaza y matriculaci\u00f3n PMEI curso 2026-27<\/div>\t\t\t\t<\/div>\n\t\t\t\t<\/div>\n\t\t\t\t<div class=\"elementor-element elementor-element-d53b729 elementor-widget elementor-widget-spacer\" data-id=\"d53b729\" data-element_type=\"widget\" data-widget_type=\"spacer.default\">\n\t\t\t\t<div class=\"elementor-widget-container\">\n\t\t\t\t\t\t\t<div class=\"elementor-spacer\">\n\t\t\t<div class=\"elementor-spacer-inner\"><\/div>\n\t\t<\/div>\n\t\t\t\t\t\t<\/div>\n\t\t\t\t<\/div>\n\t\t\t\t<div class=\"elementor-element elementor-element-54a025f elementor-align-left elementor-widget elementor-widget-button\" data-id=\"54a025f\" data-element_type=\"widget\" data-widget_type=\"button.default\">\n\t\t\t\t<div class=\"elementor-widget-container\">\n\t\t\t\t\t\t\t\t\t<div class=\"elementor-button-wrapper\">\n\t\t\t\t\t<a class=\"elementor-button elementor-button-link elementor-size-sm\" href=\"https:\/\/palmaescolesinfants.cat\/wp-content\/uploads\/2026\/03\/dossier-solicitud-plaza-pmei-26-27_esp.pdf\" target=\"_blank\">\n\t\t\t\t\t\t<span class=\"elementor-button-content-wrapper\">\n\t\t\t\t\t\t<span class=\"elementor-button-icon\">\n\t\t\t\t<i aria-hidden=\"true\" class=\"far fa-file-pdf\"><\/i>\t\t\t<\/span>\n\t\t\t\t\t\t\t\t\t<span class=\"elementor-button-text\">DESCARGAR<\/span>\n\t\t\t\t\t<\/span>\n\t\t\t\t\t<\/a>\n\t\t\t\t<\/div>\n\t\t\t\t\t\t\t\t<\/div>\n\t\t\t\t<\/div>\n\t\t\t\t<div class=\"elementor-element elementor-element-1f7e0d3 elementor-widget elementor-widget-spacer\" data-id=\"1f7e0d3\" data-element_type=\"widget\" data-widget_type=\"spacer.default\">\n\t\t\t\t<div class=\"elementor-widget-container\">\n\t\t\t\t\t\t\t<div class=\"elementor-spacer\">\n\t\t\t<div class=\"elementor-spacer-inner\"><\/div>\n\t\t<\/div>\n\t\t\t\t\t\t<\/div>\n\t\t\t\t<\/div>\n\t\t\t\t<div class=\"elementor-element elementor-element-97bd4db elementor-widget elementor-widget-spacer\" data-id=\"97bd4db\" data-element_type=\"widget\" data-widget_type=\"spacer.default\">\n\t\t\t\t<div class=\"elementor-widget-container\">\n\t\t\t\t\t\t\t<div class=\"elementor-spacer\">\n\t\t\t<div class=\"elementor-spacer-inner\"><\/div>\n\t\t<\/div>\n\t\t\t\t\t\t<\/div>\n\t\t\t\t<\/div>\n\t\t\t\t\t<\/div>\n\t\t<\/div>\n\t\t\t\t\t<\/div>\n\t\t<\/section>\n\t\t\t\t<section class=\"elementor-section elementor-inner-section elementor-element elementor-element-1449473 elementor-section-boxed elementor-section-height-default elementor-section-height-default\" data-id=\"1449473\" data-element_type=\"section\">\n\t\t\t\t\t\t<div class=\"elementor-container elementor-column-gap-default\">\n\t\t\t\t\t<div class=\"elementor-column elementor-col-100 elementor-inner-column elementor-element elementor-element-277bbf4\" data-id=\"277bbf4\" data-element_type=\"column\">\n\t\t\t<div class=\"elementor-widget-wrap elementor-element-populated\">\n\t\t\t\t\t\t<div class=\"elementor-element elementor-element-c49819e elementor-widget elementor-widget-text-editor\" data-id=\"c49819e\" data-element_type=\"widget\" data-widget_type=\"text-editor.default\">\n\t\t\t\t<div class=\"elementor-widget-container\">\n\t\t\t\t\t\t\t\t\t<p><strong>Visita a las escuelas:<\/strong>\u00a0dado el elevado volumen de solicitudes que reciben los centros del PMEI, durante el per\u00edodo de solicitud de la plaza, no se puede asegurar que se puedan atender todas las solicitudes de visita. Las personas interesadas en obtener informaci\u00f3n m\u00e1s espec\u00edfica de cada centro, adem\u00e1s de consultar su sitio web, pueden ponerse en contacto con la direcci\u00f3n de este, la cual les facilitar\u00e1 toda la informaci\u00f3n posible y valorar\u00e1 la viabilidad de programar la visita. En el caso de obtener una plaza, se podr\u00e1 realizar la visita al centro correspondiente, ya sea en el momento de formalizar la matr\u00edcula o dentro de la primera quincena de julio.<\/p>\t\t\t\t\t\t\t\t<\/div>\n\t\t\t\t<\/div>\n\t\t\t\t\t<\/div>\n\t\t<\/div>\n\t\t\t\t\t<\/div>\n\t\t<\/section>\n\t\t\t\t\t<\/div>\n\t\t<\/div>\n\t\t\t\t\t<\/div>\n\t\t<\/section>\n\t\t\t\t<section class=\"elementor-section elementor-top-section elementor-element elementor-element-8ad57dd elementor-section-boxed elementor-section-height-default elementor-section-height-default\" data-id=\"8ad57dd\" data-element_type=\"section\" data-settings=\"{&quot;background_background&quot;:&quot;classic&quot;}\">\n\t\t\t\t\t\t<div class=\"elementor-container elementor-column-gap-no\">\n\t\t\t\t\t<div class=\"elementor-column elementor-col-100 elementor-top-column elementor-element elementor-element-79c1207\" data-id=\"79c1207\" data-element_type=\"column\" data-settings=\"{&quot;background_background&quot;:&quot;classic&quot;}\">\n\t\t\t<div class=\"elementor-widget-wrap elementor-element-populated\">\n\t\t\t\t\t\t<div class=\"elementor-element elementor-element-173725c elementor-widget elementor-widget-heading\" data-id=\"173725c\" data-element_type=\"widget\" data-widget_type=\"heading.default\">\n\t\t\t\t<div class=\"elementor-widget-container\">\n\t\t\t\t\t<div class=\"elementor-heading-title elementor-size-default\">Calendario del proceso<\/div>\t\t\t\t<\/div>\n\t\t\t\t<\/div>\n\t\t\t\t<div class=\"elementor-element elementor-element-d222cd7 elementor-widget-divider--view-line elementor-widget elementor-widget-divider\" data-id=\"d222cd7\" data-element_type=\"widget\" data-widget_type=\"divider.default\">\n\t\t\t\t<div class=\"elementor-widget-container\">\n\t\t\t\t\t\t\t<div class=\"elementor-divider\">\n\t\t\t<span class=\"elementor-divider-separator\">\n\t\t\t\t\t\t<\/span>\n\t\t<\/div>\n\t\t\t\t\t\t<\/div>\n\t\t\t\t<\/div>\n\t\t\t\t<section class=\"elementor-section elementor-inner-section elementor-element elementor-element-c2e36e0 elementor-section-boxed elementor-section-height-default elementor-section-height-default\" data-id=\"c2e36e0\" data-element_type=\"section\">\n\t\t\t\t\t\t<div class=\"elementor-container elementor-column-gap-default\">\n\t\t\t\t\t<div class=\"elementor-column elementor-col-100 elementor-inner-column elementor-element elementor-element-7efd94d\" data-id=\"7efd94d\" data-element_type=\"column\">\n\t\t\t<div class=\"elementor-widget-wrap elementor-element-populated\">\n\t\t\t\t\t\t<div class=\"elementor-element elementor-element-8638585 elementor-alert-info elementor-widget elementor-widget-alert\" data-id=\"8638585\" data-element_type=\"widget\" data-widget_type=\"alert.default\">\n\t\t\t\t<div class=\"elementor-widget-container\">\n\t\t\t\t\t\t\t<div class=\"elementor-alert\" role=\"alert\">\n\n\t\t\t\t\t\t<span class=\"elementor-alert-title\">Per\u00edodo de presentaci\u00f3n de solicitudes<\/span>\n\t\t\t\n\t\t\t\t\t\t<span class=\"elementor-alert-description\">del 13 al 21 de abril de 2026 (ambos incluidos)<\/span>\n\t\t\t\n\t\t\t\n\t\t<\/div>\n\t\t\t\t\t\t<\/div>\n\t\t\t\t<\/div>\n\t\t\t\t<div class=\"elementor-element elementor-element-9be4742 elementor-alert-info elementor-widget elementor-widget-alert\" data-id=\"9be4742\" data-element_type=\"widget\" data-widget_type=\"alert.default\">\n\t\t\t\t<div class=\"elementor-widget-container\">\n\t\t\t\t\t\t\t<div class=\"elementor-alert\" role=\"alert\">\n\n\t\t\t\t\t\t<span class=\"elementor-alert-title\">Listas de puntuaci\u00f3n provisionales<\/span>\n\t\t\t\n\t\t\t\t\t\t<span class=\"elementor-alert-description\">15 de mayo de 2026<\/span>\n\t\t\t\n\t\t\t\n\t\t<\/div>\n\t\t\t\t\t\t<\/div>\n\t\t\t\t<\/div>\n\t\t\t\t<div class=\"elementor-element elementor-element-5aec0e7 elementor-alert-info elementor-widget elementor-widget-alert\" data-id=\"5aec0e7\" data-element_type=\"widget\" data-widget_type=\"alert.default\">\n\t\t\t\t<div class=\"elementor-widget-container\">\n\t\t\t\t\t\t\t<div class=\"elementor-alert\" role=\"alert\">\n\n\t\t\t\t\t\t<span class=\"elementor-alert-title\">Per\u00edodo de reclamaciones<\/span>\n\t\t\t\n\t\t\t\t\t\t<span class=\"elementor-alert-description\">del 18 al 20 de mayo de 2026 (ambos incluidos). \u00daltimo d\u00eda de resoluci\u00f3n de las reclamaciones: 22 de mayo de 2026<\/span>\n\t\t\t\n\t\t\t\n\t\t<\/div>\n\t\t\t\t\t\t<\/div>\n\t\t\t\t<\/div>\n\t\t\t\t<div class=\"elementor-element elementor-element-50a1275 elementor-alert-info elementor-widget elementor-widget-alert\" data-id=\"50a1275\" data-element_type=\"widget\" data-widget_type=\"alert.default\">\n\t\t\t\t<div class=\"elementor-widget-container\">\n\t\t\t\t\t\t\t<div class=\"elementor-alert\" role=\"alert\">\n\n\t\t\t\t\t\t<span class=\"elementor-alert-title\">Listas definitivas<\/span>\n\t\t\t\n\t\t\t\t\t\t<span class=\"elementor-alert-description\">29 de mayo de 2026<\/span>\n\t\t\t\n\t\t\t\n\t\t<\/div>\n\t\t\t\t\t\t<\/div>\n\t\t\t\t<\/div>\n\t\t\t\t<div class=\"elementor-element elementor-element-241db37 elementor-alert-info elementor-widget elementor-widget-alert\" data-id=\"241db37\" data-element_type=\"widget\" data-widget_type=\"alert.default\">\n\t\t\t\t<div class=\"elementor-widget-container\">\n\t\t\t\t\t\t\t<div class=\"elementor-alert\" role=\"alert\">\n\n\t\t\t\t\t\t<span class=\"elementor-alert-title\">Matriculaci\u00f3n<\/span>\n\t\t\t\n\t\t\t\t\t\t<span class=\"elementor-alert-description\">del 1 al 12 de junio de 2026 (ambos incluidos)<\/span>\n\t\t\t\n\t\t\t\n\t\t<\/div>\n\t\t\t\t\t\t<\/div>\n\t\t\t\t<\/div>\n\t\t\t\t<div class=\"elementor-element elementor-element-96a96ae textonegro elementor-widget elementor-widget-text-editor\" data-id=\"96a96ae\" data-element_type=\"widget\" data-widget_type=\"text-editor.default\">\n\t\t\t\t<div class=\"elementor-widget-container\">\n\t\t\t\t\t\t\t\t\t<strong><a href=\"https:\/\/www.caib.es\/sites\/escolaritzacio03\/es\/inici\/\" target=\"_blank\" rel=\"noopener\">Para m\u00e1s informaci\u00f3n se puede consultar la web de Escolarizaci\u00f3n 0-3 de la CAIB. <\/a><\/strong>\t\t\t\t\t\t\t\t<\/div>\n\t\t\t\t<\/div>\n\t\t\t\t\t<\/div>\n\t\t<\/div>\n\t\t\t\t\t<\/div>\n\t\t<\/section>\n\t\t\t\t\t<\/div>\n\t\t<\/div>\n\t\t\t\t\t<\/div>\n\t\t<\/section>\n\t\t\t\t<section class=\"elementor-section elementor-top-section elementor-element elementor-element-c5cbdfe elementor-section-boxed elementor-section-height-default elementor-section-height-default\" data-id=\"c5cbdfe\" data-element_type=\"section\" data-settings=\"{&quot;background_background&quot;:&quot;classic&quot;}\">\n\t\t\t\t\t\t<div class=\"elementor-container elementor-column-gap-no\">\n\t\t\t\t\t<div class=\"elementor-column elementor-col-100 elementor-top-column elementor-element elementor-element-d280e6b\" data-id=\"d280e6b\" data-element_type=\"column\" data-settings=\"{&quot;background_background&quot;:&quot;classic&quot;}\">\n\t\t\t<div class=\"elementor-widget-wrap elementor-element-populated\">\n\t\t\t\t\t\t<div class=\"elementor-element elementor-element-85b5d72 elementor-widget elementor-widget-heading\" data-id=\"85b5d72\" data-element_type=\"widget\" data-widget_type=\"heading.default\">\n\t\t\t\t<div class=\"elementor-widget-container\">\n\t\t\t\t\t<div class=\"elementor-heading-title elementor-size-default\">Fases del proceso<\/div>\t\t\t\t<\/div>\n\t\t\t\t<\/div>\n\t\t\t\t<div class=\"elementor-element elementor-element-5bcb421 elementor-widget-divider--view-line elementor-widget elementor-widget-divider\" data-id=\"5bcb421\" data-element_type=\"widget\" data-widget_type=\"divider.default\">\n\t\t\t\t<div class=\"elementor-widget-container\">\n\t\t\t\t\t\t\t<div class=\"elementor-divider\">\n\t\t\t<span class=\"elementor-divider-separator\">\n\t\t\t\t\t\t<\/span>\n\t\t<\/div>\n\t\t\t\t\t\t<\/div>\n\t\t\t\t<\/div>\n\t\t\t\t<div class=\"elementor-element elementor-element-484a464 elementor-widget elementor-widget-heading\" data-id=\"484a464\" data-element_type=\"widget\" data-widget_type=\"heading.default\">\n\t\t\t\t<div class=\"elementor-widget-container\">\n\t\t\t\t\t<div class=\"elementor-heading-title elementor-size-default\">Presentaci\u00f3n de solicitud de plaza dentro de plazo:<\/div>\t\t\t\t<\/div>\n\t\t\t\t<\/div>\n\t\t\t\t<div class=\"elementor-element elementor-element-38fe59e elementor-alert-info elementor-widget elementor-widget-alert\" data-id=\"38fe59e\" data-element_type=\"widget\" data-widget_type=\"alert.default\">\n\t\t\t\t<div class=\"elementor-widget-container\">\n\t\t\t\t\t\t\t<div class=\"elementor-alert\" role=\"alert\">\n\n\t\t\t\t\t\t<span class=\"elementor-alert-title\">Per\u00edodo de presentaci\u00f3n de solicitudes<\/span>\n\t\t\t\n\t\t\t\t\t\t<span class=\"elementor-alert-description\">del 13 al 21 de abril de 2026 (ambos incluidos)<\/span>\n\t\t\t\n\t\t\t\n\t\t<\/div>\n\t\t\t\t\t\t<\/div>\n\t\t\t\t<\/div>\n\t\t\t\t<section class=\"elementor-section elementor-inner-section elementor-element elementor-element-c03554c elementor-section-boxed elementor-section-height-default elementor-section-height-default\" data-id=\"c03554c\" data-element_type=\"section\" data-settings=\"{&quot;background_background&quot;:&quot;classic&quot;}\">\n\t\t\t\t\t\t<div class=\"elementor-container elementor-column-gap-default\">\n\t\t\t\t\t<div class=\"elementor-column elementor-col-100 elementor-inner-column elementor-element elementor-element-49bc4ee\" data-id=\"49bc4ee\" data-element_type=\"column\">\n\t\t\t<div class=\"elementor-widget-wrap elementor-element-populated\">\n\t\t\t\t\t\t<div class=\"elementor-element elementor-element-a693c37 textonegro elementor-widget elementor-widget-text-editor\" data-id=\"a693c37\" data-element_type=\"widget\" data-widget_type=\"text-editor.default\">\n\t\t\t\t<div class=\"elementor-widget-container\">\n\t\t\t\t\t\t\t\t\t<p>Siguiendo las instrucciones de Escolarizaci\u00f3n 0-3 (Consejer\u00eda de Educaci\u00f3n), la solicitud se puede llevar a cabo telem\u00e1ticamente o de manera presencial.<\/p><p>Si escog\u00e9is la\u00a0<strong>v\u00eda telem\u00e1tica<\/strong>, la pod\u00e9is realizar\u00a0<strong>des del siguiente enlace (disponible a partir del 13 de abril)<\/strong>:<\/p>\t\t\t\t\t\t\t\t<\/div>\n\t\t\t\t<\/div>\n\t\t\t\t<div class=\"elementor-element elementor-element-2e5f80b elementor-align-left elementor-hidden-desktop elementor-hidden-tablet elementor-hidden-mobile elementor-widget elementor-widget-button\" data-id=\"2e5f80b\" data-element_type=\"widget\" data-widget_type=\"button.default\">\n\t\t\t\t<div class=\"elementor-widget-container\">\n\t\t\t\t\t\t\t\t\t<div class=\"elementor-button-wrapper\">\n\t\t\t\t\t<a class=\"elementor-button elementor-button-link elementor-size-sm\" href=\"https:\/\/www.caib.es\/sites\/escolaritzacio03\/es\/solicitudes\/\" target=\"_blank\">\n\t\t\t\t\t\t<span class=\"elementor-button-content-wrapper\">\n\t\t\t\t\t\t<span class=\"elementor-button-icon\">\n\t\t\t\t<i aria-hidden=\"true\" class=\"fas fa-arrow-circle-right\"><\/i>\t\t\t<\/span>\n\t\t\t\t\t\t\t\t\t<span class=\"elementor-button-text\">SOLICITUD DE PLAZA <\/span>\n\t\t\t\t\t<\/span>\n\t\t\t\t\t<\/a>\n\t\t\t\t<\/div>\n\t\t\t\t\t\t\t\t<\/div>\n\t\t\t\t<\/div>\n\t\t\t\t\t<\/div>\n\t\t<\/div>\n\t\t\t\t\t<\/div>\n\t\t<\/section>\n\t\t\t\t<div class=\"elementor-element elementor-element-d9473e7 textonegro elementor-widget elementor-widget-text-editor\" data-id=\"d9473e7\" data-element_type=\"widget\" data-widget_type=\"text-editor.default\">\n\t\t\t\t<div class=\"elementor-widget-container\">\n\t\t\t\t\t\t\t\t\t<p>Si opt\u00e1is por la v\u00eda\u00a0<strong>presencial<\/strong>, se deber\u00e1\u00a0<strong>solicitar cita previa<\/strong>.<\/p><p>Para reservar cita previa o realizar consultas relacionadas con la solicitud de plaza, pueden contactar con el personal del PMEI al tel\u00e9fono n\u00famero 971225994, a trav\u00e9s del correo electr\u00f3nico <a href=\"mailto:families@pmei.palma.es\">families@pmei.palma.es<\/a> o dirigirse a las oficinas del PMEI situadas en la Plaza Nova de la Ferreria n\u00famero 2. Palma.<\/p>\t\t\t\t\t\t\t\t<\/div>\n\t\t\t\t<\/div>\n\t\t\t\t<div class=\"elementor-element elementor-element-0e1fe4b elementor-align-left elementor-hidden-desktop elementor-hidden-tablet elementor-hidden-mobile elementor-widget elementor-widget-button\" data-id=\"0e1fe4b\" data-element_type=\"widget\" data-widget_type=\"button.default\">\n\t\t\t\t<div class=\"elementor-widget-container\">\n\t\t\t\t\t\t\t\t\t<div class=\"elementor-button-wrapper\">\n\t\t\t\t\t<a class=\"elementor-button elementor-button-link elementor-size-sm\" href=\"https:\/\/outlook.office365.com\/book\/PatronatMunicipalDEscolesdInfants@ajtpalma.onmicrosoft.com\/\" target=\"_blank\">\n\t\t\t\t\t\t<span class=\"elementor-button-content-wrapper\">\n\t\t\t\t\t\t<span class=\"elementor-button-icon\">\n\t\t\t\t<i aria-hidden=\"true\" class=\"far fa-file-pdf\"><\/i>\t\t\t<\/span>\n\t\t\t\t\t\t\t\t\t<span class=\"elementor-button-text\">CITA TELEF\u00d3NICA <\/span>\n\t\t\t\t\t<\/span>\n\t\t\t\t\t<\/a>\n\t\t\t\t<\/div>\n\t\t\t\t\t\t\t\t<\/div>\n\t\t\t\t<\/div>\n\t\t\t\t<div class=\"elementor-element elementor-element-58bd53b elementor-widget elementor-widget-text-editor\" data-id=\"58bd53b\" data-element_type=\"widget\" data-widget_type=\"text-editor.default\">\n\t\t\t\t<div class=\"elementor-widget-container\">\n\t\t\t\t\t\t\t\t\t<p>La solicitud realizada telem\u00e1ticamente de forma an\u00f3nima debe ser firmada por los tutores legales y entregada en una Oficina de Atenci\u00f3n a la Ciudadan\u00eda de l\u2019Ajuntament de Palma sin necesidad de pedir cita previa, de lo contrario dicha solicitud ser\u00e1 anulada al considerarse un tr\u00e1mite incompleto.<\/p><p>La entrega de\u00a0<u>documentaci\u00f3n en papel para complementar el tr\u00e1mite telem\u00e1tico<\/u>, se podr\u00e1 hacer en las Oficinas de Atenci\u00f3n a la Ciudadan\u00eda del Ayuntamiento de Palma (OAC) sin necesidad de pedir cita previa. Aqu\u00ed ten\u00e9is el listado y localizaci\u00f3n de las OAC de Palma.<\/p>\t\t\t\t\t\t\t\t<\/div>\n\t\t\t\t<\/div>\n\t\t\t\t<div class=\"elementor-element elementor-element-948aff9 elementor-align-left elementor-widget elementor-widget-button\" data-id=\"948aff9\" data-element_type=\"widget\" data-widget_type=\"button.default\">\n\t\t\t\t<div class=\"elementor-widget-container\">\n\t\t\t\t\t\t\t\t\t<div class=\"elementor-button-wrapper\">\n\t\t\t\t\t<a class=\"elementor-button elementor-button-link elementor-size-sm\" href=\"https:\/\/www.palma.es\/oficinas-de-atencion-a-la-ciudadania\" target=\"_blank\">\n\t\t\t\t\t\t<span class=\"elementor-button-content-wrapper\">\n\t\t\t\t\t\t<span class=\"elementor-button-icon\">\n\t\t\t\t<i aria-hidden=\"true\" class=\"far fa-file-pdf\"><\/i>\t\t\t<\/span>\n\t\t\t\t\t\t\t\t\t<span class=\"elementor-button-text\">LISTADO Y LOCALIZACI\u00d3N DE LAS OAC DE PALMA<\/span>\n\t\t\t\t\t<\/span>\n\t\t\t\t\t<\/a>\n\t\t\t\t<\/div>\n\t\t\t\t\t\t\t\t<\/div>\n\t\t\t\t<\/div>\n\t\t\t\t<div class=\"elementor-element elementor-element-2a0e03c elementor-widget elementor-widget-spacer\" data-id=\"2a0e03c\" data-element_type=\"widget\" data-widget_type=\"spacer.default\">\n\t\t\t\t<div class=\"elementor-widget-container\">\n\t\t\t\t\t\t\t<div class=\"elementor-spacer\">\n\t\t\t<div class=\"elementor-spacer-inner\"><\/div>\n\t\t<\/div>\n\t\t\t\t\t\t<\/div>\n\t\t\t\t<\/div>\n\t\t\t\t<section class=\"elementor-section elementor-inner-section elementor-element elementor-element-6b27988 elementor-section-boxed elementor-section-height-default elementor-section-height-default\" data-id=\"6b27988\" data-element_type=\"section\">\n\t\t\t\t\t\t<div class=\"elementor-container elementor-column-gap-default\">\n\t\t\t\t\t<div class=\"elementor-column elementor-col-100 elementor-inner-column elementor-element elementor-element-5866d98\" data-id=\"5866d98\" data-element_type=\"column\">\n\t\t\t<div class=\"elementor-widget-wrap elementor-element-populated\">\n\t\t\t\t\t\t<div class=\"elementor-element elementor-element-2c4ffa7 elementor-widget elementor-widget-heading\" data-id=\"2c4ffa7\" data-element_type=\"widget\" data-widget_type=\"heading.default\">\n\t\t\t\t<div class=\"elementor-widget-container\">\n\t\t\t\t\t<div class=\"elementor-heading-title elementor-size-default\">Pera guiar la tramitaci\u00f3n telem\u00e1tica, a continuaci\u00f3n pod\u00e9is descargar los manuales del Servicio de Escolarizaci\u00f3n 0-3  de la CAIB: <\/div>\t\t\t\t<\/div>\n\t\t\t\t<\/div>\n\t\t\t\t<div class=\"elementor-element elementor-element-43a04fa elementor-align-left elementor-widget elementor-widget-button\" data-id=\"43a04fa\" data-element_type=\"widget\" data-widget_type=\"button.default\">\n\t\t\t\t<div class=\"elementor-widget-container\">\n\t\t\t\t\t\t\t\t\t<div class=\"elementor-button-wrapper\">\n\t\t\t\t\t<a class=\"elementor-button elementor-button-link elementor-size-sm\" href=\"https:\/\/www.caib.es\/sites\/escolaritzacio03\/es\/solalicituds\/\" target=\"_blank\">\n\t\t\t\t\t\t<span class=\"elementor-button-content-wrapper\">\n\t\t\t\t\t\t\t\t\t<span class=\"elementor-button-text\">MANUAL TR\u00c1MITE AUTENTICADO <\/span>\n\t\t\t\t\t<\/span>\n\t\t\t\t\t<\/a>\n\t\t\t\t<\/div>\n\t\t\t\t\t\t\t\t<\/div>\n\t\t\t\t<\/div>\n\t\t\t\t<div class=\"elementor-element elementor-element-f9ba6ab elementor-align-left elementor-widget elementor-widget-button\" data-id=\"f9ba6ab\" data-element_type=\"widget\" data-widget_type=\"button.default\">\n\t\t\t\t<div class=\"elementor-widget-container\">\n\t\t\t\t\t\t\t\t\t<div class=\"elementor-button-wrapper\">\n\t\t\t\t\t<a class=\"elementor-button elementor-button-link elementor-size-sm\" href=\"https:\/\/www.caib.es\/sites\/escolaritzacio03\/es\/solalicituds\/\" target=\"_blank\">\n\t\t\t\t\t\t<span class=\"elementor-button-content-wrapper\">\n\t\t\t\t\t\t\t\t\t<span class=\"elementor-button-text\">MANUAL TR\u00c1MITE AN\u00d3NIMO<\/span>\n\t\t\t\t\t<\/span>\n\t\t\t\t\t<\/a>\n\t\t\t\t<\/div>\n\t\t\t\t\t\t\t\t<\/div>\n\t\t\t\t<\/div>\n\t\t\t\t<div class=\"elementor-element elementor-element-e0cfbf4 elementor-widget elementor-widget-spacer\" data-id=\"e0cfbf4\" data-element_type=\"widget\" data-widget_type=\"spacer.default\">\n\t\t\t\t<div class=\"elementor-widget-container\">\n\t\t\t\t\t\t\t<div class=\"elementor-spacer\">\n\t\t\t<div class=\"elementor-spacer-inner\"><\/div>\n\t\t<\/div>\n\t\t\t\t\t\t<\/div>\n\t\t\t\t<\/div>\n\t\t\t\t\t<\/div>\n\t\t<\/div>\n\t\t\t\t\t<\/div>\n\t\t<\/section>\n\t\t\t\t<section class=\"elementor-section elementor-inner-section elementor-element elementor-element-c796631 elementor-section-boxed elementor-section-height-default elementor-section-height-default\" data-id=\"c796631\" data-element_type=\"section\">\n\t\t\t\t\t\t<div class=\"elementor-container elementor-column-gap-default\">\n\t\t\t\t\t<div class=\"elementor-column elementor-col-100 elementor-inner-column elementor-element elementor-element-eeae3f0\" data-id=\"eeae3f0\" data-element_type=\"column\">\n\t\t\t<div class=\"elementor-widget-wrap elementor-element-populated\">\n\t\t\t\t\t\t<div class=\"elementor-element elementor-element-242a241 elementor-widget elementor-widget-heading\" data-id=\"242a241\" data-element_type=\"widget\" data-widget_type=\"heading.default\">\n\t\t\t\t<div class=\"elementor-widget-container\">\n\t\t\t\t\t<div class=\"elementor-heading-title elementor-size-default\">Baremos de puntuaci\u00f3n y documentaci\u00f3n acreditativa necesaria<\/div>\t\t\t\t<\/div>\n\t\t\t\t<\/div>\n\t\t\t\t<div class=\"elementor-element elementor-element-a21204d textonegro elementor-widget elementor-widget-text-editor\" data-id=\"a21204d\" data-element_type=\"widget\" data-widget_type=\"text-editor.default\">\n\t\t\t\t<div class=\"elementor-widget-container\">\n\t\t\t\t\t\t\t\t\t<p>La informaci\u00f3n detallada se puede encontrar a continuaci\u00f3n:<\/p>\t\t\t\t\t\t\t\t<\/div>\n\t\t\t\t<\/div>\n\t\t\t\t<div class=\"elementor-element elementor-element-d3058aa elementor-align-left elementor-widget elementor-widget-button\" data-id=\"d3058aa\" data-element_type=\"widget\" data-widget_type=\"button.default\">\n\t\t\t\t<div class=\"elementor-widget-container\">\n\t\t\t\t\t\t\t\t\t<div class=\"elementor-button-wrapper\">\n\t\t\t\t\t<a class=\"elementor-button elementor-button-link elementor-size-sm\" href=\"https:\/\/www.caib.es\/sites\/escolaritzacio03\/es\/relacian_de_criterios_de_baremo\/\" target=\"_blank\">\n\t\t\t\t\t\t<span class=\"elementor-button-content-wrapper\">\n\t\t\t\t\t\t\t\t\t<span class=\"elementor-button-text\">informaci\u00f3n detallada<\/span>\n\t\t\t\t\t<\/span>\n\t\t\t\t\t<\/a>\n\t\t\t\t<\/div>\n\t\t\t\t\t\t\t\t<\/div>\n\t\t\t\t<\/div>\n\t\t\t\t<div class=\"elementor-element elementor-element-de93655 elementor-widget elementor-widget-text-editor\" data-id=\"de93655\" data-element_type=\"widget\" data-widget_type=\"text-editor.default\">\n\t\t\t\t<div class=\"elementor-widget-container\">\n\t\t\t\t\t\t\t\t\t<p>(!) Existen unos criterios de puntuaci\u00f3n asociados a circunstancias relevantes escogidas por cada centro (<em>Criterios de centro)<\/em>; en este caso el PMEI ha seleccionado el criterio de centro de ambos tutores legales trabajan.<\/p>\t\t\t\t\t\t\t\t<\/div>\n\t\t\t\t<\/div>\n\t\t\t\t<div class=\"elementor-element elementor-element-8fb37d0 elementor-widget elementor-widget-spacer\" data-id=\"8fb37d0\" data-element_type=\"widget\" data-widget_type=\"spacer.default\">\n\t\t\t\t<div class=\"elementor-widget-container\">\n\t\t\t\t\t\t\t<div class=\"elementor-spacer\">\n\t\t\t<div class=\"elementor-spacer-inner\"><\/div>\n\t\t<\/div>\n\t\t\t\t\t\t<\/div>\n\t\t\t\t<\/div>\n\t\t\t\t\t<\/div>\n\t\t<\/div>\n\t\t\t\t\t<\/div>\n\t\t<\/section>\n\t\t\t\t<section class=\"elementor-section elementor-inner-section elementor-element elementor-element-34319d3 elementor-section-boxed elementor-section-height-default elementor-section-height-default\" data-id=\"34319d3\" data-element_type=\"section\">\n\t\t\t\t\t\t<div class=\"elementor-container elementor-column-gap-default\">\n\t\t\t\t\t<div class=\"elementor-column elementor-col-100 elementor-inner-column elementor-element elementor-element-56ba0bc\" data-id=\"56ba0bc\" data-element_type=\"column\">\n\t\t\t<div class=\"elementor-widget-wrap elementor-element-populated\">\n\t\t\t\t\t\t<div class=\"elementor-element elementor-element-0effced elementor-widget elementor-widget-heading\" data-id=\"0effced\" data-element_type=\"widget\" data-widget_type=\"heading.default\">\n\t\t\t\t<div class=\"elementor-widget-container\">\n\t\t\t\t\t<div class=\"elementor-heading-title elementor-size-default\">Presentaci\u00f3n de solicitudes de plaza gestionadas por el Equipo T\u00e9cnico Sociofamiliar<\/div>\t\t\t\t<\/div>\n\t\t\t\t<\/div>\n\t\t\t\t<div class=\"elementor-element elementor-element-407d503 elementor-widget elementor-widget-text-editor\" data-id=\"407d503\" data-element_type=\"widget\" data-widget_type=\"text-editor.default\">\n\t\t\t\t<div class=\"elementor-widget-container\">\n\t\t\t\t\t\t\t\t\t<p>El equipo t\u00e9cnico de trabajadoras sociales da apoyo en la tramitaci\u00f3n de solicitudes de plaza de familias que se encuentren en una de las siguientes situaciones:<\/p><p>&#8211; familias derivadas por los profesionales de un servicio de atenci\u00f3n social.<br \/>&#8211; familias en que los tutores legales no dispongan de DNI\/NIE.<\/p>\t\t\t\t\t\t\t\t<\/div>\n\t\t\t\t<\/div>\n\t\t\t\t\t<\/div>\n\t\t<\/div>\n\t\t\t\t\t<\/div>\n\t\t<\/section>\n\t\t\t\t<section class=\"elementor-section elementor-inner-section elementor-element elementor-element-13bc738 elementor-section-boxed elementor-section-height-default elementor-section-height-default\" data-id=\"13bc738\" data-element_type=\"section\">\n\t\t\t\t\t\t<div class=\"elementor-container elementor-column-gap-default\">\n\t\t\t\t\t<div class=\"elementor-column elementor-col-100 elementor-inner-column elementor-element elementor-element-e94ff8d\" data-id=\"e94ff8d\" data-element_type=\"column\">\n\t\t\t<div class=\"elementor-widget-wrap elementor-element-populated\">\n\t\t\t\t\t\t<div class=\"elementor-element elementor-element-d511cc5 elementor-widget elementor-widget-heading\" data-id=\"d511cc5\" data-element_type=\"widget\" data-widget_type=\"heading.default\">\n\t\t\t\t<div class=\"elementor-widget-container\">\n\t\t\t\t\t<div class=\"elementor-heading-title elementor-size-default\">Presentaci\u00f3n de solicitudes de plaza para ni\u00f1os y ni\u00f1as con NEE<\/div>\t\t\t\t<\/div>\n\t\t\t\t<\/div>\n\t\t\t\t<div class=\"elementor-element elementor-element-020faa7 elementor-widget elementor-widget-text-editor\" data-id=\"020faa7\" data-element_type=\"widget\" data-widget_type=\"text-editor.default\">\n\t\t\t\t<div class=\"elementor-widget-container\">\n\t\t\t\t\t\t\t\t\t<p>Para las solicitudes destinadas a ni\u00f1os y ni\u00f1as con necesidades educativas especiales, debe contactarse previamente con el Equipo de Atenci\u00f3n Temprana de la Consejer\u00eda de Educaci\u00f3n (971 24 00 82) para que acredite sus necesidades educativas mediante una valoraci\u00f3n psicopedag\u00f3gica previa. Se recomienda presentar la acreditaci\u00f3n provisional con el tr\u00e1mite de solicitud.<\/p>\t\t\t\t\t\t\t\t<\/div>\n\t\t\t\t<\/div>\n\t\t\t\t<div class=\"elementor-element elementor-element-a0d8402 elementor-widget elementor-widget-spacer\" data-id=\"a0d8402\" data-element_type=\"widget\" data-widget_type=\"spacer.default\">\n\t\t\t\t<div class=\"elementor-widget-container\">\n\t\t\t\t\t\t\t<div class=\"elementor-spacer\">\n\t\t\t<div class=\"elementor-spacer-inner\"><\/div>\n\t\t<\/div>\n\t\t\t\t\t\t<\/div>\n\t\t\t\t<\/div>\n\t\t\t\t\t<\/div>\n\t\t<\/div>\n\t\t\t\t\t<\/div>\n\t\t<\/section>\n\t\t\t\t<div class=\"elementor-element elementor-element-d1e26f2 elementor-widget elementor-widget-heading\" data-id=\"d1e26f2\" data-element_type=\"widget\" data-widget_type=\"heading.default\">\n\t\t\t\t<div class=\"elementor-widget-container\">\n\t\t\t\t\t<div class=\"elementor-heading-title elementor-size-default\">Listas de puntuaci\u00f3n provisionales<\/div>\t\t\t\t<\/div>\n\t\t\t\t<\/div>\n\t\t\t\t<div class=\"elementor-element elementor-element-93808e0 elementor-alert-info elementor-widget elementor-widget-alert\" data-id=\"93808e0\" data-element_type=\"widget\" data-widget_type=\"alert.default\">\n\t\t\t\t<div class=\"elementor-widget-container\">\n\t\t\t\t\t\t\t<div class=\"elementor-alert\" role=\"alert\">\n\n\t\t\t\t\t\t<span class=\"elementor-alert-title\">Listas de puntuaci\u00f3n provisionales<\/span>\n\t\t\t\n\t\t\t\t\t\t<span class=\"elementor-alert-description\">15 de mayo de 2026<\/span>\n\t\t\t\n\t\t\t\n\t\t<\/div>\n\t\t\t\t\t\t<\/div>\n\t\t\t\t<\/div>\n\t\t\t\t<div class=\"elementor-element elementor-element-c8c0812 elementor-widget elementor-widget-text-editor\" data-id=\"c8c0812\" data-element_type=\"widget\" data-widget_type=\"text-editor.default\">\n\t\t\t\t<div class=\"elementor-widget-container\">\n\t\t\t\t\t\t\t\t\t<p>La consulta, de car\u00e1cter individual, puede realizarse a trav\u00e9s de la p\u00e1gina web del Servicio de Escolarizaci\u00f3n 0-3, siempre que no se haya renunciado a la consulta en l\u00ednea. Debe introducirse, en la casilla correspondiente, el DNI o NIE y la fecha de nacimiento del alumno o alumna. Las personas que no puedan acceder a la p\u00e1gina web pueden llamar al PMEI para consultar la informaci\u00f3n relativa a los resultados.<\/p>\t\t\t\t\t\t\t\t<\/div>\n\t\t\t\t<\/div>\n\t\t\t\t<section class=\"elementor-section elementor-inner-section elementor-element elementor-element-bf4f799 elementor-section-boxed elementor-section-height-default elementor-section-height-default\" data-id=\"bf4f799\" data-element_type=\"section\">\n\t\t\t\t\t\t<div class=\"elementor-container elementor-column-gap-default\">\n\t\t\t\t\t<div class=\"elementor-column elementor-col-50 elementor-inner-column elementor-element elementor-element-c9d5da3\" data-id=\"c9d5da3\" data-element_type=\"column\">\n\t\t\t<div class=\"elementor-widget-wrap elementor-element-populated\">\n\t\t\t\t\t\t<div class=\"elementor-element elementor-element-3144591 elementor-icon-list--layout-traditional elementor-list-item-link-full_width elementor-widget elementor-widget-icon-list\" data-id=\"3144591\" data-element_type=\"widget\" data-widget_type=\"icon-list.default\">\n\t\t\t\t<div class=\"elementor-widget-container\">\n\t\t\t\t\t\t\t<ul class=\"elementor-icon-list-items\">\n\t\t\t\t\t\t\t<li class=\"elementor-icon-list-item\">\n\t\t\t\t\t\t\t\t\t\t\t<a href=\"#\" target=\"_blank\">\n\n\t\t\t\t\t\t\t\t\t\t\t\t<span class=\"elementor-icon-list-icon\">\n\t\t\t\t\t\t\t<i aria-hidden=\"true\" class=\"fas fa-chevron-circle-right\"><\/i>\t\t\t\t\t\t<\/span>\n\t\t\t\t\t\t\t\t\t\t<span class=\"elementor-icon-list-text\">Escuela infantil Son Roca *<\/span>\n\t\t\t\t\t\t\t\t\t\t\t<\/a>\n\t\t\t\t\t\t\t\t\t<\/li>\n\t\t\t\t\t\t\t\t<li class=\"elementor-icon-list-item\">\n\t\t\t\t\t\t\t\t\t\t\t<a href=\"#\" target=\"_blank\">\n\n\t\t\t\t\t\t\t\t\t\t\t\t<span class=\"elementor-icon-list-icon\">\n\t\t\t\t\t\t\t<i aria-hidden=\"true\" class=\"fas fa-chevron-circle-right\"><\/i>\t\t\t\t\t\t<\/span>\n\t\t\t\t\t\t\t\t\t\t<span class=\"elementor-icon-list-text\">Escuela infantil  S'Arenal<\/span>\n\t\t\t\t\t\t\t\t\t\t\t<\/a>\n\t\t\t\t\t\t\t\t\t<\/li>\n\t\t\t\t\t\t\t\t<li class=\"elementor-icon-list-item\">\n\t\t\t\t\t\t\t\t\t\t\t<a href=\"#\" target=\"_blank\">\n\n\t\t\t\t\t\t\t\t\t\t\t\t<span class=\"elementor-icon-list-icon\">\n\t\t\t\t\t\t\t<i aria-hidden=\"true\" class=\"fas fa-chevron-circle-right\"><\/i>\t\t\t\t\t\t<\/span>\n\t\t\t\t\t\t\t\t\t\t<span class=\"elementor-icon-list-text\">Escuela infantil Ciutat Antiga *<\/span>\n\t\t\t\t\t\t\t\t\t\t\t<\/a>\n\t\t\t\t\t\t\t\t\t<\/li>\n\t\t\t\t\t\t\t\t<li class=\"elementor-icon-list-item\">\n\t\t\t\t\t\t\t\t\t\t\t<a href=\"#\" target=\"_blank\">\n\n\t\t\t\t\t\t\t\t\t\t\t\t<span class=\"elementor-icon-list-icon\">\n\t\t\t\t\t\t\t<i aria-hidden=\"true\" class=\"fas fa-chevron-circle-right\"><\/i>\t\t\t\t\t\t<\/span>\n\t\t\t\t\t\t\t\t\t\t<span class=\"elementor-icon-list-text\">Escuela infantil Santa Creu<\/span>\n\t\t\t\t\t\t\t\t\t\t\t<\/a>\n\t\t\t\t\t\t\t\t\t<\/li>\n\t\t\t\t\t\t\t\t<li class=\"elementor-icon-list-item\">\n\t\t\t\t\t\t\t\t\t\t\t<a href=\"#\" target=\"_blank\">\n\n\t\t\t\t\t\t\t\t\t\t\t\t<span class=\"elementor-icon-list-icon\">\n\t\t\t\t\t\t\t<i aria-hidden=\"true\" class=\"fas fa-chevron-circle-right\"><\/i>\t\t\t\t\t\t<\/span>\n\t\t\t\t\t\t\t\t\t\t<span class=\"elementor-icon-list-text\">Escuela infantil Maria Mut i Mandilego<\/span>\n\t\t\t\t\t\t\t\t\t\t\t<\/a>\n\t\t\t\t\t\t\t\t\t<\/li>\n\t\t\t\t\t\t<\/ul>\n\t\t\t\t\t\t<\/div>\n\t\t\t\t<\/div>\n\t\t\t\t\t<\/div>\n\t\t<\/div>\n\t\t\t\t<div class=\"elementor-column elementor-col-50 elementor-inner-column elementor-element elementor-element-10a7084\" data-id=\"10a7084\" data-element_type=\"column\">\n\t\t\t<div class=\"elementor-widget-wrap elementor-element-populated\">\n\t\t\t\t\t\t<div class=\"elementor-element elementor-element-e04dfdb elementor-icon-list--layout-traditional elementor-list-item-link-full_width elementor-widget elementor-widget-icon-list\" data-id=\"e04dfdb\" data-element_type=\"widget\" data-widget_type=\"icon-list.default\">\n\t\t\t\t<div class=\"elementor-widget-container\">\n\t\t\t\t\t\t\t<ul class=\"elementor-icon-list-items\">\n\t\t\t\t\t\t\t<li class=\"elementor-icon-list-item\">\n\t\t\t\t\t\t\t\t\t\t\t<a href=\"#\" target=\"_blank\">\n\n\t\t\t\t\t\t\t\t\t\t\t\t<span class=\"elementor-icon-list-icon\">\n\t\t\t\t\t\t\t<i aria-hidden=\"true\" class=\"fas fa-chevron-circle-right\"><\/i>\t\t\t\t\t\t<\/span>\n\t\t\t\t\t\t\t\t\t\t<span class=\"elementor-icon-list-text\">Escuela infantil Can Alonso<\/span>\n\t\t\t\t\t\t\t\t\t\t\t<\/a>\n\t\t\t\t\t\t\t\t\t<\/li>\n\t\t\t\t\t\t\t\t<li class=\"elementor-icon-list-item\">\n\t\t\t\t\t\t\t\t\t\t\t<a href=\"#\" target=\"_blank\">\n\n\t\t\t\t\t\t\t\t\t\t\t\t<span class=\"elementor-icon-list-icon\">\n\t\t\t\t\t\t\t<i aria-hidden=\"true\" class=\"fas fa-chevron-circle-right\"><\/i>\t\t\t\t\t\t<\/span>\n\t\t\t\t\t\t\t\t\t\t<span class=\"elementor-icon-list-text\">Escuela infantil Son Fuster Nou<\/span>\n\t\t\t\t\t\t\t\t\t\t\t<\/a>\n\t\t\t\t\t\t\t\t\t<\/li>\n\t\t\t\t\t\t\t\t<li class=\"elementor-icon-list-item\">\n\t\t\t\t\t\t\t\t\t\t\t<a href=\"#\" target=\"_blank\">\n\n\t\t\t\t\t\t\t\t\t\t\t\t<span class=\"elementor-icon-list-icon\">\n\t\t\t\t\t\t\t<i aria-hidden=\"true\" class=\"fas fa-chevron-circle-right\"><\/i>\t\t\t\t\t\t<\/span>\n\t\t\t\t\t\t\t\t\t\t<span class=\"elementor-icon-list-text\">Escuela infantil Son Ferriol<\/span>\n\t\t\t\t\t\t\t\t\t\t\t<\/a>\n\t\t\t\t\t\t\t\t\t<\/li>\n\t\t\t\t\t\t\t\t<li class=\"elementor-icon-list-item\">\n\t\t\t\t\t\t\t\t\t\t\t<a href=\"#\" target=\"_blank\">\n\n\t\t\t\t\t\t\t\t\t\t\t\t<span class=\"elementor-icon-list-icon\">\n\t\t\t\t\t\t\t<i aria-hidden=\"true\" class=\"fas fa-chevron-circle-right\"><\/i>\t\t\t\t\t\t<\/span>\n\t\t\t\t\t\t\t\t\t\t<span class=\"elementor-icon-list-text\">Escuela infantil Es Molinar<\/span>\n\t\t\t\t\t\t\t\t\t\t\t<\/a>\n\t\t\t\t\t\t\t\t\t<\/li>\n\t\t\t\t\t\t\t\t<li class=\"elementor-icon-list-item\">\n\t\t\t\t\t\t\t\t\t\t\t<a href=\"#\" target=\"_blank\">\n\n\t\t\t\t\t\t\t\t\t\t\t\t<span class=\"elementor-icon-list-icon\">\n\t\t\t\t\t\t\t<i aria-hidden=\"true\" class=\"fas fa-chevron-circle-right\"><\/i>\t\t\t\t\t\t<\/span>\n\t\t\t\t\t\t\t\t\t\t<span class=\"elementor-icon-list-text\">Escuela infantil Son Espanyolet<\/span>\n\t\t\t\t\t\t\t\t\t\t\t<\/a>\n\t\t\t\t\t\t\t\t\t<\/li>\n\t\t\t\t\t\t<\/ul>\n\t\t\t\t\t\t<\/div>\n\t\t\t\t<\/div>\n\t\t\t\t\t<\/div>\n\t\t<\/div>\n\t\t\t\t\t<\/div>\n\t\t<\/section>\n\t\t\t\t<div class=\"elementor-element elementor-element-ad078d7 elementor-widget elementor-widget-text-editor\" data-id=\"ad078d7\" data-element_type=\"widget\" data-widget_type=\"text-editor.default\">\n\t\t\t\t<div class=\"elementor-widget-container\">\n\t\t\t\t\t\t\t\t\t<p>* En los centros indicados, el n\u00famero de plazas escolares por niveles han sufrido modificaciones, por indicaci\u00f3n de la consejer\u00eda competente y siguiendo la normativa que regula el proceso de admisi\u00f3n en la cual se concreta que se puede llevar a cabo una redistribuci\u00f3n de las aulas o de los ni\u00f1os en las aulas en funcionamiento autorizadas por la Consejer\u00eda de Educaci\u00f3n y Universidades, para dar servicio a un mayor n\u00famero de ni\u00f1os dentro de los l\u00edmites establecidos por la normativa vigente\u00bb<\/p>\t\t\t\t\t\t\t\t<\/div>\n\t\t\t\t<\/div>\n\t\t\t\t<div class=\"elementor-element elementor-element-4939595 elementor-widget elementor-widget-spacer\" data-id=\"4939595\" data-element_type=\"widget\" data-widget_type=\"spacer.default\">\n\t\t\t\t<div class=\"elementor-widget-container\">\n\t\t\t\t\t\t\t<div class=\"elementor-spacer\">\n\t\t\t<div class=\"elementor-spacer-inner\"><\/div>\n\t\t<\/div>\n\t\t\t\t\t\t<\/div>\n\t\t\t\t<\/div>\n\t\t\t\t<div class=\"elementor-element elementor-element-3d9316c elementor-widget elementor-widget-heading\" data-id=\"3d9316c\" data-element_type=\"widget\" data-widget_type=\"heading.default\">\n\t\t\t\t<div class=\"elementor-widget-container\">\n\t\t\t\t\t<div class=\"elementor-heading-title elementor-size-default\">Reclamaciones<\/div>\t\t\t\t<\/div>\n\t\t\t\t<\/div>\n\t\t\t\t<div class=\"elementor-element elementor-element-5c000a5 elementor-alert-info elementor-widget elementor-widget-alert\" data-id=\"5c000a5\" data-element_type=\"widget\" data-widget_type=\"alert.default\">\n\t\t\t\t<div class=\"elementor-widget-container\">\n\t\t\t\t\t\t\t<div class=\"elementor-alert\" role=\"alert\">\n\n\t\t\t\t\t\t<span class=\"elementor-alert-title\">Per\u00edodo de reclamaciones<\/span>\n\t\t\t\n\t\t\t\t\t\t<span class=\"elementor-alert-description\">del 18 al 20 de mayo de 2026 (ambos incluidos). \u00daltimo d\u00eda de resoluci\u00f3n de las reclamaciones: 22 de mayo de 2026<\/span>\n\t\t\t\n\t\t\t\n\t\t<\/div>\n\t\t\t\t\t\t<\/div>\n\t\t\t\t<\/div>\n\t\t\t\t<div class=\"elementor-element elementor-element-9e7d1ab elementor-widget elementor-widget-text-editor\" data-id=\"9e7d1ab\" data-element_type=\"widget\" data-widget_type=\"text-editor.default\">\n\t\t\t\t<div class=\"elementor-widget-container\">\n\t\t\t\t\t\t\t\t\t<p>En la misma p\u00e1gina web del Servicio de Escolarizaci\u00f3n 0-3 se habilitar\u00e1 un formulario para presentar reclamaciones. Si se opta por presentar una reclamaci\u00f3n presencialmente (en papel o a trav\u00e9s de los medios telem\u00e1ticos del centro) o bien se debe completar la reclamaci\u00f3n telem\u00e1tica con documentaci\u00f3n complementaria, deber\u00e1 hacerse des de la oficina del PMEI (Pla\u00e7a Nova de la Ferreria, 2).<\/p>\t\t\t\t\t\t\t\t<\/div>\n\t\t\t\t<\/div>\n\t\t\t\t<div class=\"elementor-element elementor-element-92ed1c7 elementor-widget elementor-widget-spacer\" data-id=\"92ed1c7\" data-element_type=\"widget\" data-widget_type=\"spacer.default\">\n\t\t\t\t<div class=\"elementor-widget-container\">\n\t\t\t\t\t\t\t<div class=\"elementor-spacer\">\n\t\t\t<div class=\"elementor-spacer-inner\"><\/div>\n\t\t<\/div>\n\t\t\t\t\t\t<\/div>\n\t\t\t\t<\/div>\n\t\t\t\t<div class=\"elementor-element elementor-element-0ae5531 elementor-widget elementor-widget-heading\" data-id=\"0ae5531\" data-element_type=\"widget\" data-widget_type=\"heading.default\">\n\t\t\t\t<div class=\"elementor-widget-container\">\n\t\t\t\t\t<div class=\"elementor-heading-title elementor-size-default\">Listas definitivas<\/div>\t\t\t\t<\/div>\n\t\t\t\t<\/div>\n\t\t\t\t<div class=\"elementor-element elementor-element-6589eec elementor-alert-info elementor-widget elementor-widget-alert\" data-id=\"6589eec\" data-element_type=\"widget\" data-widget_type=\"alert.default\">\n\t\t\t\t<div class=\"elementor-widget-container\">\n\t\t\t\t\t\t\t<div class=\"elementor-alert\" role=\"alert\">\n\n\t\t\t\t\t\t<span class=\"elementor-alert-title\">Listas definitivas<\/span>\n\t\t\t\n\t\t\t\t\t\t<span class=\"elementor-alert-description\">29 de mayo de 2026<\/span>\n\t\t\t\n\t\t\t\n\t\t<\/div>\n\t\t\t\t\t\t<\/div>\n\t\t\t\t<\/div>\n\t\t\t\t<div class=\"elementor-element elementor-element-ad4bdc3 elementor-widget elementor-widget-text-editor\" data-id=\"ad4bdc3\" data-element_type=\"widget\" data-widget_type=\"text-editor.default\">\n\t\t\t\t<div class=\"elementor-widget-container\">\n\t\t\t\t\t\t\t\t\t<p>Una vez reunida la Comisi\u00f3n de Escolarizaci\u00f3n, en su caso, y revisadas las reclamaciones, se publicar\u00e1n las\u00a0<strong>listas definitivas de los ni\u00f1os y ni\u00f1as admitidos\/as<\/strong>\u00a0y la lista de espera que servir\u00e1 para cubrir las vacantes que se produzcan posteriormente.<\/p><p>La consulta se realizar\u00e1 siguiendo el mismo sistema de las listas provisionales.<\/p><p>Una vez finalizado el proceso de admisi\u00f3n,\u00a0<strong>solo se mantendr\u00e1 vigente la lista de espera del centro elegido en primera opci\u00f3n.<\/strong>\u00a0La vigencia de las listas de espera se inicia el 13 de junio y finaliza d\u00eda 30 de septiembre de 2026, a excepci\u00f3n del primer curso que finaliza d\u00eda 31 de diciembre de 2026.<\/p><p>Para m\u00e1s informaci\u00f3n sobre la cobertura de plazas vacantes consultad la web del Servicio de Escolarizaci\u00f3n.<\/p>\t\t\t\t\t\t\t\t<\/div>\n\t\t\t\t<\/div>\n\t\t\t\t<section class=\"elementor-section elementor-inner-section elementor-element elementor-element-8975f21 elementor-section-boxed elementor-section-height-default elementor-section-height-default\" data-id=\"8975f21\" data-element_type=\"section\">\n\t\t\t\t\t\t<div class=\"elementor-container elementor-column-gap-default\">\n\t\t\t\t\t<div class=\"elementor-column elementor-col-50 elementor-inner-column elementor-element elementor-element-43b34d7\" data-id=\"43b34d7\" data-element_type=\"column\">\n\t\t\t<div class=\"elementor-widget-wrap elementor-element-populated\">\n\t\t\t\t\t\t<div class=\"elementor-element elementor-element-170c7a7 elementor-icon-list--layout-traditional elementor-list-item-link-full_width elementor-widget elementor-widget-icon-list\" data-id=\"170c7a7\" data-element_type=\"widget\" data-widget_type=\"icon-list.default\">\n\t\t\t\t<div class=\"elementor-widget-container\">\n\t\t\t\t\t\t\t<ul class=\"elementor-icon-list-items\">\n\t\t\t\t\t\t\t<li class=\"elementor-icon-list-item\">\n\t\t\t\t\t\t\t\t\t\t\t<a href=\"#\" target=\"_blank\">\n\n\t\t\t\t\t\t\t\t\t\t\t\t<span class=\"elementor-icon-list-icon\">\n\t\t\t\t\t\t\t<i aria-hidden=\"true\" class=\"fas fa-chevron-circle-right\"><\/i>\t\t\t\t\t\t<\/span>\n\t\t\t\t\t\t\t\t\t\t<span class=\"elementor-icon-list-text\">Escuela infantil Son Roca<\/span>\n\t\t\t\t\t\t\t\t\t\t\t<\/a>\n\t\t\t\t\t\t\t\t\t<\/li>\n\t\t\t\t\t\t\t\t<li class=\"elementor-icon-list-item\">\n\t\t\t\t\t\t\t\t\t\t\t<a href=\"#\" target=\"_blank\">\n\n\t\t\t\t\t\t\t\t\t\t\t\t<span class=\"elementor-icon-list-icon\">\n\t\t\t\t\t\t\t<i aria-hidden=\"true\" class=\"fas fa-chevron-circle-right\"><\/i>\t\t\t\t\t\t<\/span>\n\t\t\t\t\t\t\t\t\t\t<span class=\"elementor-icon-list-text\">Escuela infantil  S'Arenal<\/span>\n\t\t\t\t\t\t\t\t\t\t\t<\/a>\n\t\t\t\t\t\t\t\t\t<\/li>\n\t\t\t\t\t\t\t\t<li class=\"elementor-icon-list-item\">\n\t\t\t\t\t\t\t\t\t\t\t<a href=\"#\" target=\"_blank\">\n\n\t\t\t\t\t\t\t\t\t\t\t\t<span class=\"elementor-icon-list-icon\">\n\t\t\t\t\t\t\t<i aria-hidden=\"true\" class=\"fas fa-chevron-circle-right\"><\/i>\t\t\t\t\t\t<\/span>\n\t\t\t\t\t\t\t\t\t\t<span class=\"elementor-icon-list-text\">Escuela infantil Ciutat Antiga<\/span>\n\t\t\t\t\t\t\t\t\t\t\t<\/a>\n\t\t\t\t\t\t\t\t\t<\/li>\n\t\t\t\t\t\t\t\t<li class=\"elementor-icon-list-item\">\n\t\t\t\t\t\t\t\t\t\t\t<a href=\"#\" target=\"_blank\">\n\n\t\t\t\t\t\t\t\t\t\t\t\t<span class=\"elementor-icon-list-icon\">\n\t\t\t\t\t\t\t<i aria-hidden=\"true\" class=\"fas fa-chevron-circle-right\"><\/i>\t\t\t\t\t\t<\/span>\n\t\t\t\t\t\t\t\t\t\t<span class=\"elementor-icon-list-text\">Escuela infantil Santa Creu<\/span>\n\t\t\t\t\t\t\t\t\t\t\t<\/a>\n\t\t\t\t\t\t\t\t\t<\/li>\n\t\t\t\t\t\t\t\t<li class=\"elementor-icon-list-item\">\n\t\t\t\t\t\t\t\t\t\t\t<a href=\"#\" target=\"_blank\">\n\n\t\t\t\t\t\t\t\t\t\t\t\t<span class=\"elementor-icon-list-icon\">\n\t\t\t\t\t\t\t<i aria-hidden=\"true\" class=\"fas fa-chevron-circle-right\"><\/i>\t\t\t\t\t\t<\/span>\n\t\t\t\t\t\t\t\t\t\t<span class=\"elementor-icon-list-text\">Escuela infantil Maria Mut i Mandilego<\/span>\n\t\t\t\t\t\t\t\t\t\t\t<\/a>\n\t\t\t\t\t\t\t\t\t<\/li>\n\t\t\t\t\t\t<\/ul>\n\t\t\t\t\t\t<\/div>\n\t\t\t\t<\/div>\n\t\t\t\t\t<\/div>\n\t\t<\/div>\n\t\t\t\t<div class=\"elementor-column elementor-col-50 elementor-inner-column elementor-element elementor-element-1702b00\" data-id=\"1702b00\" data-element_type=\"column\">\n\t\t\t<div class=\"elementor-widget-wrap elementor-element-populated\">\n\t\t\t\t\t\t<div class=\"elementor-element elementor-element-8de0e49 elementor-icon-list--layout-traditional elementor-list-item-link-full_width elementor-widget elementor-widget-icon-list\" data-id=\"8de0e49\" data-element_type=\"widget\" data-widget_type=\"icon-list.default\">\n\t\t\t\t<div class=\"elementor-widget-container\">\n\t\t\t\t\t\t\t<ul class=\"elementor-icon-list-items\">\n\t\t\t\t\t\t\t<li class=\"elementor-icon-list-item\">\n\t\t\t\t\t\t\t\t\t\t\t<a href=\"#\" target=\"_blank\">\n\n\t\t\t\t\t\t\t\t\t\t\t\t<span class=\"elementor-icon-list-icon\">\n\t\t\t\t\t\t\t<i aria-hidden=\"true\" class=\"fas fa-chevron-circle-right\"><\/i>\t\t\t\t\t\t<\/span>\n\t\t\t\t\t\t\t\t\t\t<span class=\"elementor-icon-list-text\">Escuela infantil Can Alonso<\/span>\n\t\t\t\t\t\t\t\t\t\t\t<\/a>\n\t\t\t\t\t\t\t\t\t<\/li>\n\t\t\t\t\t\t\t\t<li class=\"elementor-icon-list-item\">\n\t\t\t\t\t\t\t\t\t\t\t<a href=\"#\" target=\"_blank\">\n\n\t\t\t\t\t\t\t\t\t\t\t\t<span class=\"elementor-icon-list-icon\">\n\t\t\t\t\t\t\t<i aria-hidden=\"true\" class=\"fas fa-chevron-circle-right\"><\/i>\t\t\t\t\t\t<\/span>\n\t\t\t\t\t\t\t\t\t\t<span class=\"elementor-icon-list-text\">Escuela infantil Son Fuster Nou<\/span>\n\t\t\t\t\t\t\t\t\t\t\t<\/a>\n\t\t\t\t\t\t\t\t\t<\/li>\n\t\t\t\t\t\t\t\t<li class=\"elementor-icon-list-item\">\n\t\t\t\t\t\t\t\t\t\t\t<a href=\"#\" target=\"_blank\">\n\n\t\t\t\t\t\t\t\t\t\t\t\t<span class=\"elementor-icon-list-icon\">\n\t\t\t\t\t\t\t<i aria-hidden=\"true\" class=\"fas fa-chevron-circle-right\"><\/i>\t\t\t\t\t\t<\/span>\n\t\t\t\t\t\t\t\t\t\t<span class=\"elementor-icon-list-text\">Escuela infantil Son Ferriol<\/span>\n\t\t\t\t\t\t\t\t\t\t\t<\/a>\n\t\t\t\t\t\t\t\t\t<\/li>\n\t\t\t\t\t\t\t\t<li class=\"elementor-icon-list-item\">\n\t\t\t\t\t\t\t\t\t\t\t<a href=\"#\" target=\"_blank\">\n\n\t\t\t\t\t\t\t\t\t\t\t\t<span class=\"elementor-icon-list-icon\">\n\t\t\t\t\t\t\t<i aria-hidden=\"true\" class=\"fas fa-chevron-circle-right\"><\/i>\t\t\t\t\t\t<\/span>\n\t\t\t\t\t\t\t\t\t\t<span class=\"elementor-icon-list-text\">Escuela infantil Es Molinar<\/span>\n\t\t\t\t\t\t\t\t\t\t\t<\/a>\n\t\t\t\t\t\t\t\t\t<\/li>\n\t\t\t\t\t\t\t\t<li class=\"elementor-icon-list-item\">\n\t\t\t\t\t\t\t\t\t\t\t<a href=\"#\" target=\"_blank\">\n\n\t\t\t\t\t\t\t\t\t\t\t\t<span class=\"elementor-icon-list-icon\">\n\t\t\t\t\t\t\t<i aria-hidden=\"true\" class=\"fas fa-chevron-circle-right\"><\/i>\t\t\t\t\t\t<\/span>\n\t\t\t\t\t\t\t\t\t\t<span class=\"elementor-icon-list-text\">Escuela infantil Son Espanyolet<\/span>\n\t\t\t\t\t\t\t\t\t\t\t<\/a>\n\t\t\t\t\t\t\t\t\t<\/li>\n\t\t\t\t\t\t<\/ul>\n\t\t\t\t\t\t<\/div>\n\t\t\t\t<\/div>\n\t\t\t\t\t<\/div>\n\t\t<\/div>\n\t\t\t\t\t<\/div>\n\t\t<\/section>\n\t\t\t\t<div class=\"elementor-element elementor-element-42a9495 elementor-widget elementor-widget-spacer\" data-id=\"42a9495\" data-element_type=\"widget\" data-widget_type=\"spacer.default\">\n\t\t\t\t<div class=\"elementor-widget-container\">\n\t\t\t\t\t\t\t<div class=\"elementor-spacer\">\n\t\t\t<div class=\"elementor-spacer-inner\"><\/div>\n\t\t<\/div>\n\t\t\t\t\t\t<\/div>\n\t\t\t\t<\/div>\n\t\t\t\t<div class=\"elementor-element elementor-element-448d89f elementor-widget elementor-widget-heading\" data-id=\"448d89f\" data-element_type=\"widget\" data-widget_type=\"heading.default\">\n\t\t\t\t<div class=\"elementor-widget-container\">\n\t\t\t\t\t<div class=\"elementor-heading-title elementor-size-default\">Matriculaci\u00f3n<\/div>\t\t\t\t<\/div>\n\t\t\t\t<\/div>\n\t\t\t\t<div class=\"elementor-element elementor-element-db4d24c elementor-alert-info elementor-widget elementor-widget-alert\" data-id=\"db4d24c\" data-element_type=\"widget\" data-widget_type=\"alert.default\">\n\t\t\t\t<div class=\"elementor-widget-container\">\n\t\t\t\t\t\t\t<div class=\"elementor-alert\" role=\"alert\">\n\n\t\t\t\t\t\t<span class=\"elementor-alert-title\">Matriculaci\u00f3n<\/span>\n\t\t\t\n\t\t\t\t\t\t<span class=\"elementor-alert-description\">del 1 al 12 de junio de 2026 (ambos incluidos)<\/span>\n\t\t\t\n\t\t\t\n\t\t<\/div>\n\t\t\t\t\t\t<\/div>\n\t\t\t\t<\/div>\n\t\t\t\t<div class=\"elementor-element elementor-element-4b9b328 elementor-widget elementor-widget-text-editor\" data-id=\"4b9b328\" data-element_type=\"widget\" data-widget_type=\"text-editor.default\">\n\t\t\t\t<div class=\"elementor-widget-container\">\n\t\t\t\t\t\t\t\t\t<p>La responsabilidad de hacer efectiva la matr\u00edcula recae en el\/los tutor\/es legales del ni\u00f1o o la ni\u00f1a. Aun as\u00ed, por su parte, la direcci\u00f3n de cada centro, se ocupar\u00e1 de contactar con las familias de los ni\u00f1os y ni\u00f1as admitidos y les facilitar\u00e1 una cita para formalizar la matr\u00edcula. Lo har\u00e1 a trav\u00e9s de llamada telef\u00f3nica (a los 2 tel\u00e9fonos facilitados) y tambi\u00e9n mensaje SMS\/WhatsApp\/<strong>e-mail<\/strong>. La familia tiene un tiempo limitado para aceptar la plaza y hacer efectiva la matr\u00edcula a trav\u00e9s de cita presencial acordada con el centro. Si en el plazo establecido la familia no responde y\/o no hace efectiva la matr\u00edcula se perder\u00e1 la plaza asignada.<\/p>\t\t\t\t\t\t\t\t<\/div>\n\t\t\t\t<\/div>\n\t\t\t\t<section class=\"elementor-section elementor-inner-section elementor-element elementor-element-d0a3ce0 elementor-section-boxed elementor-section-height-default elementor-section-height-default\" data-id=\"d0a3ce0\" data-element_type=\"section\" data-settings=\"{&quot;background_background&quot;:&quot;classic&quot;}\">\n\t\t\t\t\t\t<div class=\"elementor-container elementor-column-gap-default\">\n\t\t\t\t\t<div class=\"elementor-column elementor-col-100 elementor-inner-column elementor-element elementor-element-6554fcc\" data-id=\"6554fcc\" data-element_type=\"column\">\n\t\t\t<div class=\"elementor-widget-wrap elementor-element-populated\">\n\t\t\t\t\t\t<div class=\"elementor-element elementor-element-901f464 textonegro elementor-widget elementor-widget-text-editor\" data-id=\"901f464\" data-element_type=\"widget\" data-widget_type=\"text-editor.default\">\n\t\t\t\t<div class=\"elementor-widget-container\">\n\t\t\t\t\t\t\t\t\t<p><strong>Documentaci\u00f3n<\/strong> necesaria en el momento de la matriculaci\u00f3n:<\/p><ul><li>Fotocopia del libro de familia o certificado literal de nacimiento o documento acreditativo del registro civil<\/li><li>Fotocopia de la tarjeta sanitaria del ni\u00f1o o ni\u00f1a.<\/li><\/ul>\t\t\t\t\t\t\t\t<\/div>\n\t\t\t\t<\/div>\n\t\t\t\t\t<\/div>\n\t\t<\/div>\n\t\t\t\t\t<\/div>\n\t\t<\/section>\n\t\t\t\t<div class=\"elementor-element elementor-element-3ef274e elementor-widget elementor-widget-spacer\" data-id=\"3ef274e\" data-element_type=\"widget\" data-widget_type=\"spacer.default\">\n\t\t\t\t<div class=\"elementor-widget-container\">\n\t\t\t\t\t\t\t<div class=\"elementor-spacer\">\n\t\t\t<div class=\"elementor-spacer-inner\"><\/div>\n\t\t<\/div>\n\t\t\t\t\t\t<\/div>\n\t\t\t\t<\/div>\n\t\t\t\t\t<\/div>\n\t\t<\/div>\n\t\t\t\t\t<\/div>\n\t\t<\/section>\n\t\t\t\t<section class=\"elementor-section elementor-top-section elementor-element elementor-element-4c18ea8 elementor-hidden-desktop elementor-hidden-tablet elementor-hidden-mobile elementor-section-boxed elementor-section-height-default elementor-section-height-default\" data-id=\"4c18ea8\" data-element_type=\"section\" data-settings=\"{&quot;background_background&quot;:&quot;classic&quot;}\">\n\t\t\t\t\t\t<div class=\"elementor-container elementor-column-gap-no\">\n\t\t\t\t\t<div class=\"elementor-column elementor-col-100 elementor-top-column elementor-element elementor-element-1e3fedc\" data-id=\"1e3fedc\" data-element_type=\"column\" data-settings=\"{&quot;background_background&quot;:&quot;classic&quot;}\">\n\t\t\t<div class=\"elementor-widget-wrap elementor-element-populated\">\n\t\t\t\t\t\t<div class=\"elementor-element elementor-element-acc7bff elementor-widget elementor-widget-heading\" data-id=\"acc7bff\" data-element_type=\"widget\" data-widget_type=\"heading.default\">\n\t\t\t\t<div class=\"elementor-widget-container\">\n\t\t\t\t\t<div class=\"elementor-heading-title elementor-size-default\">Fases del proceso<\/div>\t\t\t\t<\/div>\n\t\t\t\t<\/div>\n\t\t\t\t<div class=\"elementor-element elementor-element-512813c elementor-widget-divider--view-line elementor-widget elementor-widget-divider\" data-id=\"512813c\" data-element_type=\"widget\" data-widget_type=\"divider.default\">\n\t\t\t\t<div class=\"elementor-widget-container\">\n\t\t\t\t\t\t\t<div class=\"elementor-divider\">\n\t\t\t<span class=\"elementor-divider-separator\">\n\t\t\t\t\t\t<\/span>\n\t\t<\/div>\n\t\t\t\t\t\t<\/div>\n\t\t\t\t<\/div>\n\t\t\t\t<div class=\"elementor-element elementor-element-e5635b2 elementor-widget elementor-widget-text-editor\" data-id=\"e5635b2\" data-element_type=\"widget\" data-widget_type=\"text-editor.default\">\n\t\t\t\t<div class=\"elementor-widget-container\">\n\t\t\t\t\t\t\t\t\t<p>INFORMACI\u00d3N DE AMPLIACI\u00d3N EN PROCESO DE ACTUALITZACI\u00d3N.<\/p>\t\t\t\t\t\t\t\t<\/div>\n\t\t\t\t<\/div>\n\t\t\t\t\t<\/div>\n\t\t<\/div>\n\t\t\t\t\t<\/div>\n\t\t<\/section>\n\t\t\t\t<\/div>\n\t\t","protected":false},"excerpt":{"rendered":"<p>ADMISI\u00d3N Solicitud de plaza y matr\u00edcula Dosier de solicitud de plaza y matriculaci\u00f3n PMEI curso 2026-27 DESCARGAR Visita a las escuelas:\u00a0dado el elevado volumen de solicitudes que reciben los centros del PMEI, durante el per\u00edodo de solicitud de la plaza, no se puede asegurar que se puedan atender todas las solicitudes de visita. Las personas [&hellip;]<\/p>\n","protected":false},"author":1,"featured_media":0,"parent":0,"menu_order":0,"comment_status":"closed","ping_status":"closed","template":"elementor_header_footer","meta":{"inline_featured_image":false,"footnotes":""},"class_list":["post-1129","page","type-page","status-publish","hentry"],"yoast_head":"<!-- This site is optimized with the Yoast SEO plugin v24.5 - https:\/\/yoast.com\/wordpress\/plugins\/seo\/ -->\n<title>Sol\u00b7licitud de pla\u00e7a i matr\u00edcula | Patronat Municipal Escoles Infants, Palma<\/title>\n<meta name=\"robots\" content=\"index, follow, max-snippet:-1, max-image-preview:large, max-video-preview:-1\" \/>\n<link rel=\"canonical\" href=\"https:\/\/palmaescolesinfants.cat\/es\/solicitud-de-plaza-y-matricula\/\" \/>\n<meta property=\"og:locale\" content=\"es_ES\" \/>\n<meta property=\"og:type\" content=\"article\" \/>\n<meta property=\"og:title\" content=\"Sol\u00b7licitud de pla\u00e7a i matr\u00edcula | Patronat Municipal Escoles Infants, Palma\" \/>\n<meta property=\"og:description\" content=\"ADMISI\u00d3N Solicitud de plaza y matr\u00edcula Dosier de solicitud de plaza y matriculaci\u00f3n PMEI curso 2026-27 DESCARGAR Visita a las escuelas:\u00a0dado el elevado volumen de solicitudes que reciben los centros del PMEI, durante el per\u00edodo de solicitud de la plaza, no se puede asegurar que se puedan atender todas las solicitudes de visita. Las personas [&hellip;]\" \/>\n<meta property=\"og:url\" content=\"https:\/\/palmaescolesinfants.cat\/es\/solicitud-de-plaza-y-matricula\/\" \/>\n<meta property=\"og:site_name\" content=\"Patronat Municipal d&#039;Escoles d&#039;Infants de l&#039;Ajuntament de Palma\" \/>\n<meta property=\"article:modified_time\" content=\"2026-04-01T09:54:51+00:00\" \/>\n<meta name=\"twitter:card\" content=\"summary_large_image\" \/>\n<meta name=\"twitter:label1\" content=\"Tiempo de lectura\" \/>\n\t<meta name=\"twitter:data1\" content=\"6 minutos\" \/>\n<script type=\"application\/ld+json\" class=\"yoast-schema-graph\">{\"@context\":\"https:\/\/schema.org\",\"@graph\":[{\"@type\":\"WebPage\",\"@id\":\"https:\/\/palmaescolesinfants.cat\/es\/solicitud-de-plaza-y-matricula\/\",\"url\":\"https:\/\/palmaescolesinfants.cat\/es\/solicitud-de-plaza-y-matricula\/\",\"name\":\"Sol\u00b7licitud de pla\u00e7a i matr\u00edcula | Patronat Municipal Escoles Infants, Palma\",\"isPartOf\":{\"@id\":\"https:\/\/palmaescolesinfants.cat\/#website\"},\"datePublished\":\"2022-03-02T10:46:33+00:00\",\"dateModified\":\"2026-04-01T09:54:51+00:00\",\"breadcrumb\":{\"@id\":\"https:\/\/palmaescolesinfants.cat\/es\/solicitud-de-plaza-y-matricula\/#breadcrumb\"},\"inLanguage\":\"es\",\"potentialAction\":[{\"@type\":\"ReadAction\",\"target\":[\"https:\/\/palmaescolesinfants.cat\/es\/solicitud-de-plaza-y-matricula\/\"]}]},{\"@type\":\"BreadcrumbList\",\"@id\":\"https:\/\/palmaescolesinfants.cat\/es\/solicitud-de-plaza-y-matricula\/#breadcrumb\",\"itemListElement\":[{\"@type\":\"ListItem\",\"position\":1,\"name\":\"Portada\",\"item\":\"https:\/\/palmaescolesinfants.cat\/\"},{\"@type\":\"ListItem\",\"position\":2,\"name\":\"Solicitud de plaza y matr\u00edcula\"}]},{\"@type\":\"WebSite\",\"@id\":\"https:\/\/palmaescolesinfants.cat\/#website\",\"url\":\"https:\/\/palmaescolesinfants.cat\/\",\"name\":\"Patronat Municipal d&#039;Escoles d&#039;Infants de l&#039;Ajuntament de Palma\",\"description\":\"L&#039;educaci\u00f3 dels infants \u00e9s el nostre principal objectiu\",\"potentialAction\":[{\"@type\":\"SearchAction\",\"target\":{\"@type\":\"EntryPoint\",\"urlTemplate\":\"https:\/\/palmaescolesinfants.cat\/?s={search_term_string}\"},\"query-input\":{\"@type\":\"PropertyValueSpecification\",\"valueRequired\":true,\"valueName\":\"search_term_string\"}}],\"inLanguage\":\"es\"}]}<\/script>\n<!-- \/ Yoast SEO plugin. -->","yoast_head_json":{"title":"Sol\u00b7licitud de pla\u00e7a i matr\u00edcula | Patronat Municipal Escoles Infants, Palma","robots":{"index":"index","follow":"follow","max-snippet":"max-snippet:-1","max-image-preview":"max-image-preview:large","max-video-preview":"max-video-preview:-1"},"canonical":"https:\/\/palmaescolesinfants.cat\/es\/solicitud-de-plaza-y-matricula\/","og_locale":"es_ES","og_type":"article","og_title":"Sol\u00b7licitud de pla\u00e7a i matr\u00edcula | Patronat Municipal Escoles Infants, Palma","og_description":"ADMISI\u00d3N Solicitud de plaza y matr\u00edcula Dosier de solicitud de plaza y matriculaci\u00f3n PMEI curso 2026-27 DESCARGAR Visita a las escuelas:\u00a0dado el elevado volumen de solicitudes que reciben los centros del PMEI, durante el per\u00edodo de solicitud de la plaza, no se puede asegurar que se puedan atender todas las solicitudes de visita. Las personas [&hellip;]","og_url":"https:\/\/palmaescolesinfants.cat\/es\/solicitud-de-plaza-y-matricula\/","og_site_name":"Patronat Municipal d&#039;Escoles d&#039;Infants de l&#039;Ajuntament de Palma","article_modified_time":"2026-04-01T09:54:51+00:00","twitter_card":"summary_large_image","twitter_misc":{"Tiempo de lectura":"6 minutos"},"schema":{"@context":"https:\/\/schema.org","@graph":[{"@type":"WebPage","@id":"https:\/\/palmaescolesinfants.cat\/es\/solicitud-de-plaza-y-matricula\/","url":"https:\/\/palmaescolesinfants.cat\/es\/solicitud-de-plaza-y-matricula\/","name":"Sol\u00b7licitud de pla\u00e7a i matr\u00edcula | Patronat Municipal Escoles Infants, Palma","isPartOf":{"@id":"https:\/\/palmaescolesinfants.cat\/#website"},"datePublished":"2022-03-02T10:46:33+00:00","dateModified":"2026-04-01T09:54:51+00:00","breadcrumb":{"@id":"https:\/\/palmaescolesinfants.cat\/es\/solicitud-de-plaza-y-matricula\/#breadcrumb"},"inLanguage":"es","potentialAction":[{"@type":"ReadAction","target":["https:\/\/palmaescolesinfants.cat\/es\/solicitud-de-plaza-y-matricula\/"]}]},{"@type":"BreadcrumbList","@id":"https:\/\/palmaescolesinfants.cat\/es\/solicitud-de-plaza-y-matricula\/#breadcrumb","itemListElement":[{"@type":"ListItem","position":1,"name":"Portada","item":"https:\/\/palmaescolesinfants.cat\/"},{"@type":"ListItem","position":2,"name":"Solicitud de plaza y matr\u00edcula"}]},{"@type":"WebSite","@id":"https:\/\/palmaescolesinfants.cat\/#website","url":"https:\/\/palmaescolesinfants.cat\/","name":"Patronat Municipal d&#039;Escoles d&#039;Infants de l&#039;Ajuntament de Palma","description":"L&#039;educaci\u00f3 dels infants \u00e9s el nostre principal objectiu","potentialAction":[{"@type":"SearchAction","target":{"@type":"EntryPoint","urlTemplate":"https:\/\/palmaescolesinfants.cat\/?s={search_term_string}"},"query-input":{"@type":"PropertyValueSpecification","valueRequired":true,"valueName":"search_term_string"}}],"inLanguage":"es"}]}},"_links":{"self":[{"href":"https:\/\/palmaescolesinfants.cat\/es\/wp-json\/wp\/v2\/pages\/1129","targetHints":{"allow":["GET"]}}],"collection":[{"href":"https:\/\/palmaescolesinfants.cat\/es\/wp-json\/wp\/v2\/pages"}],"about":[{"href":"https:\/\/palmaescolesinfants.cat\/es\/wp-json\/wp\/v2\/types\/page"}],"author":[{"embeddable":true,"href":"https:\/\/palmaescolesinfants.cat\/es\/wp-json\/wp\/v2\/users\/1"}],"replies":[{"embeddable":true,"href":"https:\/\/palmaescolesinfants.cat\/es\/wp-json\/wp\/v2\/comments?post=1129"}],"version-history":[{"count":201,"href":"https:\/\/palmaescolesinfants.cat\/es\/wp-json\/wp\/v2\/pages\/1129\/revisions"}],"predecessor-version":[{"id":5047,"href":"https:\/\/palmaescolesinfants.cat\/es\/wp-json\/wp\/v2\/pages\/1129\/revisions\/5047"}],"wp:attachment":[{"href":"https:\/\/palmaescolesinfants.cat\/es\/wp-json\/wp\/v2\/media?parent=1129"}],"curies":[{"name":"wp","href":"https:\/\/api.w.org\/{rel}","templated":true}]}}