{"id":1132,"date":"2022-03-02T10:46:56","date_gmt":"2022-03-02T10:46:56","guid":{"rendered":"https:\/\/palmaescolesinfants.cat\/?page_id=1132"},"modified":"2025-04-02T10:35:21","modified_gmt":"2025-04-02T10:35:21","slug":"bajas","status":"publish","type":"page","link":"https:\/\/palmaescolesinfants.cat\/es\/bajas\/","title":{"rendered":"Bajas"},"content":{"rendered":"\t\t<div data-elementor-type=\"wp-page\" data-elementor-id=\"1132\" class=\"elementor elementor-1132\">\n\t\t\t\t\t\t<section class=\"elementor-section elementor-top-section elementor-element elementor-element-34febe84 elementor-section-height-min-height elementor-section-items-stretch elementor-section-boxed elementor-section-height-default\" data-id=\"34febe84\" data-element_type=\"section\" data-settings=\"{&quot;background_background&quot;:&quot;classic&quot;}\">\n\t\t\t\t\t\t\t<div class=\"elementor-background-overlay\"><\/div>\n\t\t\t\t\t\t\t<div class=\"elementor-container elementor-column-gap-no\">\n\t\t\t\t\t<div class=\"elementor-column elementor-col-100 elementor-top-column elementor-element elementor-element-3fd586f8\" data-id=\"3fd586f8\" data-element_type=\"column\" data-settings=\"{&quot;background_background&quot;:&quot;classic&quot;}\">\n\t\t\t<div class=\"elementor-widget-wrap elementor-element-populated\">\n\t\t\t\t\t<div class=\"elementor-background-overlay\"><\/div>\n\t\t\t\t\t\t<div class=\"elementor-element elementor-element-f129611 elementor-widget elementor-widget-heading\" data-id=\"f129611\" data-element_type=\"widget\" data-widget_type=\"heading.default\">\n\t\t\t\t<div class=\"elementor-widget-container\">\n\t\t\t\t\t<h2 class=\"elementor-heading-title elementor-size-default\">ADMISI\u00d3N<\/h2>\t\t\t\t<\/div>\n\t\t\t\t<\/div>\n\t\t\t\t<div class=\"elementor-element elementor-element-ec0b800 elementor-widget elementor-widget-spacer\" data-id=\"ec0b800\" data-element_type=\"widget\" data-widget_type=\"spacer.default\">\n\t\t\t\t<div class=\"elementor-widget-container\">\n\t\t\t\t\t\t\t<div class=\"elementor-spacer\">\n\t\t\t<div class=\"elementor-spacer-inner\"><\/div>\n\t\t<\/div>\n\t\t\t\t\t\t<\/div>\n\t\t\t\t<\/div>\n\t\t\t\t<div class=\"elementor-element elementor-element-fe43ea2 elementor-widget elementor-widget-heading\" data-id=\"fe43ea2\" data-element_type=\"widget\" data-widget_type=\"heading.default\">\n\t\t\t\t<div class=\"elementor-widget-container\">\n\t\t\t\t\t<h1 class=\"elementor-heading-title elementor-size-default\">Bajas<\/h1>\t\t\t\t<\/div>\n\t\t\t\t<\/div>\n\t\t\t\t\t<\/div>\n\t\t<\/div>\n\t\t\t\t\t<\/div>\n\t\t<\/section>\n\t\t\t\t<section class=\"elementor-section elementor-top-section elementor-element elementor-element-64c45fd elementor-section-boxed elementor-section-height-default elementor-section-height-default\" data-id=\"64c45fd\" data-element_type=\"section\" data-settings=\"{&quot;background_background&quot;:&quot;classic&quot;}\">\n\t\t\t\t\t\t<div class=\"elementor-container elementor-column-gap-no\">\n\t\t\t\t\t<div class=\"elementor-column elementor-col-100 elementor-top-column elementor-element elementor-element-c1626cc\" data-id=\"c1626cc\" data-element_type=\"column\" data-settings=\"{&quot;background_background&quot;:&quot;classic&quot;}\">\n\t\t\t<div class=\"elementor-widget-wrap elementor-element-populated\">\n\t\t\t\t\t\t<section class=\"elementor-section elementor-inner-section elementor-element elementor-element-9359ac8 elementor-section-boxed elementor-section-height-default elementor-section-height-default\" data-id=\"9359ac8\" data-element_type=\"section\">\n\t\t\t\t\t\t<div class=\"elementor-container elementor-column-gap-default\">\n\t\t\t\t\t<div class=\"elementor-column elementor-col-100 elementor-inner-column elementor-element elementor-element-05bdae9\" data-id=\"05bdae9\" data-element_type=\"column\">\n\t\t\t<div class=\"elementor-widget-wrap elementor-element-populated\">\n\t\t\t\t\t\t<div class=\"elementor-element elementor-element-e667905 elementor-widget elementor-widget-text-editor\" data-id=\"e667905\" data-element_type=\"widget\" data-widget_type=\"text-editor.default\">\n\t\t\t\t<div class=\"elementor-widget-container\">\n\t\t\t\t\t\t\t\t\t<p>La acumulaci\u00f3n de faltas de asistencia sin justificar implica la p\u00e9rdida de plaza.<\/p><p>Las faltas de asistencia son justificadas si el motivo de justificaci\u00f3n es uno de los siguientes:<\/p><ol><li>Enfermedad del alumnado.<\/li><li>Cita del alumnado con el\/la pediatra o especialista. Ingreso hospitalario.<\/li><li>Muerte o enfermedad grave de un familiar de primera l\u00ednea de consanguinidad.<\/li><li>Vacaciones laborales del padre, madre o tutor legal (M\u00e1ximo 30 d\u00edas laborables continuados).<\/li><\/ol><p>En todos los casos es responsabilidad del padre, madre o tutor legal informar a la direcci\u00f3n del centro de los motivos de las faltas de asistencia y justificarlas documentalmente si as\u00ed se requiere. Seg\u00fan normativa de la conserjer\u00eda competente, en los casos en que se produzca una inasistencia injustificada y continuada por parte de un ni\u00f1o\/a durante un periodo superior a 15 d\u00edas lectivos, el centro proceder\u00e1 a dar de baja al ni\u00f1o\/a, de la cual cosa informar\u00e1 por escrito al tutor legal y al Servicio de Escolarizaci\u00f3n.<\/p><p>Si un alumno se debe ausentar durante un periodo inferior a 2 meses, por causa justificada, su familia o sus tutores legales deber\u00e1n firmar un documento de compromiso de retorno al centro en una fecha que se indique, de acuerdo con el anexo 14, y la plaza permanecer\u00e1 reservada hasta entonces. Si superado este periodo temporal el alumno no se incorpora, el centro proceder\u00e1 a darlo de baja de oficio y esta plaza podr\u00e1 ser asignada como vacante. Esta petici\u00f3n se podr\u00e1 efectuar siempre que el ni\u00f1o haya sido escolarizado en el centro educativo un m\u00ednimo de un mes antes de proceder a la solicitud.<\/p>\t\t\t\t\t\t\t\t<\/div>\n\t\t\t\t<\/div>\n\t\t\t\t<div class=\"elementor-element elementor-element-8ea152f elementor-hidden-desktop elementor-hidden-tablet elementor-hidden-mobile elementor-widget elementor-widget-text-editor\" data-id=\"8ea152f\" data-element_type=\"widget\" data-widget_type=\"text-editor.default\">\n\t\t\t\t<div class=\"elementor-widget-container\">\n\t\t\t\t\t\t\t\t\t<p>La falta de asistencia durante un per\u00edodo superior a los 15 d\u00edas sin justificaci\u00f3n puede implicar la baja definitiva.<\/p><p>Durante el curso escolar, el ni\u00f1o o la ni\u00f1a no puede ausentarse m\u00e1s de un mes, salvo en caso de enfermedad. Si se incumple esta norma, previo informe de la directora del centro, el Consejo Rector del PMEI declarar\u00e1 la baja y se cubrir\u00e1 la plaza.<\/p>\t\t\t\t\t\t\t\t<\/div>\n\t\t\t\t<\/div>\n\t\t\t\t<div class=\"elementor-element elementor-element-b22809f elementor-hidden-desktop elementor-hidden-tablet elementor-hidden-mobile elementor-alert-info elementor-widget elementor-widget-alert\" data-id=\"b22809f\" data-element_type=\"widget\" data-widget_type=\"alert.default\">\n\t\t\t\t<div class=\"elementor-widget-container\">\n\t\t\t\t\t\t\t<div class=\"elementor-alert\" role=\"alert\">\n\n\t\t\t\t\t\t<span class=\"elementor-alert-title\">Recuerde<\/span>\n\t\t\t\n\t\t\t\t\t\t<span class=\"elementor-alert-description\">Teniendo en cuenta esta prescripci\u00f3n, si necesita realizar un viaje familiar de m\u00e1s de 30 d\u00edas naturales de duraci\u00f3n y no desea perder la plaza en la escuela, la \u00fanica opci\u00f3n es que el inicio o el final del viaje coincida con vacaciones escolares. De esta forma, el total de d\u00edas de ausencia en la escuela no superar\u00e1 los 30 d\u00edas indicados.<\/span>\n\t\t\t\n\t\t\t\n\t\t<\/div>\n\t\t\t\t\t\t<\/div>\n\t\t\t\t<\/div>\n\t\t\t\t<div class=\"elementor-element elementor-element-c82e737 elementor-hidden-desktop elementor-hidden-tablet elementor-hidden-mobile elementor-widget elementor-widget-text-editor\" data-id=\"c82e737\" data-element_type=\"widget\" data-widget_type=\"text-editor.default\">\n\t\t\t\t<div class=\"elementor-widget-container\">\n\t\t\t\t\t\t\t\t\t<p><strong>No pagar la cuota durante dos meses puede suponer la tramitaci\u00f3n de la baja definitiva y la p\u00e9rdida de la plaza.<\/strong><\/p>\t\t\t\t\t\t\t\t<\/div>\n\t\t\t\t<\/div>\n\t\t\t\t\t<\/div>\n\t\t<\/div>\n\t\t\t\t\t<\/div>\n\t\t<\/section>\n\t\t\t\t\t<\/div>\n\t\t<\/div>\n\t\t\t\t\t<\/div>\n\t\t<\/section>\n\t\t\t\t<\/div>\n\t\t","protected":false},"excerpt":{"rendered":"<p>ADMISI\u00d3N Bajas La acumulaci\u00f3n de faltas de asistencia sin justificar implica la p\u00e9rdida de plaza. Las faltas de asistencia son justificadas si el motivo de justificaci\u00f3n es uno de los siguientes: Enfermedad del alumnado. Cita del alumnado con el\/la pediatra o especialista. Ingreso hospitalario. Muerte o enfermedad grave de un familiar de primera l\u00ednea de [&hellip;]<\/p>\n","protected":false},"author":1,"featured_media":0,"parent":0,"menu_order":0,"comment_status":"closed","ping_status":"closed","template":"elementor_header_footer","meta":{"inline_featured_image":false,"footnotes":""},"class_list":["post-1132","page","type-page","status-publish","hentry"],"yoast_head":"<!-- This site is optimized with the Yoast SEO plugin v24.5 - https:\/\/yoast.com\/wordpress\/plugins\/seo\/ -->\n<title>Motius de baixa de l&#039;escola - Patronat Municipal d&#039;Escoles d&#039;Infants<\/title>\n<meta name=\"robots\" content=\"index, follow, max-snippet:-1, max-image-preview:large, max-video-preview:-1\" \/>\n<link rel=\"canonical\" href=\"https:\/\/palmaescolesinfants.cat\/baixes\/\" \/>\n<meta property=\"og:locale\" content=\"es_ES\" \/>\n<meta property=\"og:type\" content=\"article\" \/>\n<meta property=\"og:title\" content=\"Motius de baixa de l&#039;escola - Patronat Municipal d&#039;Escoles d&#039;Infants\" \/>\n<meta property=\"og:description\" content=\"ADMISI\u00d3N Bajas La acumulaci\u00f3n de faltas de asistencia sin justificar implica la p\u00e9rdida de plaza. Las faltas de asistencia son justificadas si el motivo de justificaci\u00f3n es uno de los siguientes: Enfermedad del alumnado. Cita del alumnado con el\/la pediatra o especialista. Ingreso hospitalario. Muerte o enfermedad grave de un familiar de primera l\u00ednea de [&hellip;]\" \/>\n<meta property=\"og:url\" content=\"https:\/\/palmaescolesinfants.cat\/baixes\/\" \/>\n<meta property=\"og:site_name\" content=\"Patronat Municipal d&#039;Escoles d&#039;Infants de l&#039;Ajuntament de Palma\" \/>\n<meta property=\"article:modified_time\" content=\"2025-04-02T10:35:21+00:00\" \/>\n<meta name=\"twitter:card\" content=\"summary_large_image\" \/>\n<meta name=\"twitter:label1\" content=\"Tiempo de lectura\" \/>\n\t<meta name=\"twitter:data1\" content=\"2 minutos\" \/>\n<script type=\"application\/ld+json\" class=\"yoast-schema-graph\">{\"@context\":\"https:\/\/schema.org\",\"@graph\":[{\"@type\":\"WebPage\",\"@id\":\"https:\/\/palmaescolesinfants.cat\/baixes\/\",\"url\":\"https:\/\/palmaescolesinfants.cat\/baixes\/\",\"name\":\"Motius de baixa de l'escola - Patronat Municipal d'Escoles d'Infants\",\"isPartOf\":{\"@id\":\"https:\/\/palmaescolesinfants.cat\/#website\"},\"datePublished\":\"2022-03-02T10:46:56+00:00\",\"dateModified\":\"2025-04-02T10:35:21+00:00\",\"breadcrumb\":{\"@id\":\"https:\/\/palmaescolesinfants.cat\/baixes\/#breadcrumb\"},\"inLanguage\":\"es\",\"potentialAction\":[{\"@type\":\"ReadAction\",\"target\":[\"https:\/\/palmaescolesinfants.cat\/baixes\/\"]}]},{\"@type\":\"BreadcrumbList\",\"@id\":\"https:\/\/palmaescolesinfants.cat\/baixes\/#breadcrumb\",\"itemListElement\":[{\"@type\":\"ListItem\",\"position\":1,\"name\":\"Portada\",\"item\":\"https:\/\/palmaescolesinfants.cat\/\"},{\"@type\":\"ListItem\",\"position\":2,\"name\":\"Bajas\"}]},{\"@type\":\"WebSite\",\"@id\":\"https:\/\/palmaescolesinfants.cat\/#website\",\"url\":\"https:\/\/palmaescolesinfants.cat\/\",\"name\":\"Patronat Municipal d&#039;Escoles d&#039;Infants de l&#039;Ajuntament de Palma\",\"description\":\"L&#039;educaci\u00f3 dels infants \u00e9s el nostre principal objectiu\",\"potentialAction\":[{\"@type\":\"SearchAction\",\"target\":{\"@type\":\"EntryPoint\",\"urlTemplate\":\"https:\/\/palmaescolesinfants.cat\/?s={search_term_string}\"},\"query-input\":{\"@type\":\"PropertyValueSpecification\",\"valueRequired\":true,\"valueName\":\"search_term_string\"}}],\"inLanguage\":\"es\"}]}<\/script>\n<!-- \/ Yoast SEO plugin. -->","yoast_head_json":{"title":"Motius de baixa de l'escola - Patronat Municipal d'Escoles d'Infants","robots":{"index":"index","follow":"follow","max-snippet":"max-snippet:-1","max-image-preview":"max-image-preview:large","max-video-preview":"max-video-preview:-1"},"canonical":"https:\/\/palmaescolesinfants.cat\/baixes\/","og_locale":"es_ES","og_type":"article","og_title":"Motius de baixa de l'escola - Patronat Municipal d'Escoles d'Infants","og_description":"ADMISI\u00d3N Bajas La acumulaci\u00f3n de faltas de asistencia sin justificar implica la p\u00e9rdida de plaza. Las faltas de asistencia son justificadas si el motivo de justificaci\u00f3n es uno de los siguientes: Enfermedad del alumnado. Cita del alumnado con el\/la pediatra o especialista. Ingreso hospitalario. Muerte o enfermedad grave de un familiar de primera l\u00ednea de [&hellip;]","og_url":"https:\/\/palmaescolesinfants.cat\/baixes\/","og_site_name":"Patronat Municipal d&#039;Escoles d&#039;Infants de l&#039;Ajuntament de Palma","article_modified_time":"2025-04-02T10:35:21+00:00","twitter_card":"summary_large_image","twitter_misc":{"Tiempo de lectura":"2 minutos"},"schema":{"@context":"https:\/\/schema.org","@graph":[{"@type":"WebPage","@id":"https:\/\/palmaescolesinfants.cat\/baixes\/","url":"https:\/\/palmaescolesinfants.cat\/baixes\/","name":"Motius de baixa de l'escola - Patronat Municipal d'Escoles d'Infants","isPartOf":{"@id":"https:\/\/palmaescolesinfants.cat\/#website"},"datePublished":"2022-03-02T10:46:56+00:00","dateModified":"2025-04-02T10:35:21+00:00","breadcrumb":{"@id":"https:\/\/palmaescolesinfants.cat\/baixes\/#breadcrumb"},"inLanguage":"es","potentialAction":[{"@type":"ReadAction","target":["https:\/\/palmaescolesinfants.cat\/baixes\/"]}]},{"@type":"BreadcrumbList","@id":"https:\/\/palmaescolesinfants.cat\/baixes\/#breadcrumb","itemListElement":[{"@type":"ListItem","position":1,"name":"Portada","item":"https:\/\/palmaescolesinfants.cat\/"},{"@type":"ListItem","position":2,"name":"Bajas"}]},{"@type":"WebSite","@id":"https:\/\/palmaescolesinfants.cat\/#website","url":"https:\/\/palmaescolesinfants.cat\/","name":"Patronat Municipal d&#039;Escoles d&#039;Infants de l&#039;Ajuntament de Palma","description":"L&#039;educaci\u00f3 dels infants \u00e9s el nostre principal objectiu","potentialAction":[{"@type":"SearchAction","target":{"@type":"EntryPoint","urlTemplate":"https:\/\/palmaescolesinfants.cat\/?s={search_term_string}"},"query-input":{"@type":"PropertyValueSpecification","valueRequired":true,"valueName":"search_term_string"}}],"inLanguage":"es"}]}},"_links":{"self":[{"href":"https:\/\/palmaescolesinfants.cat\/es\/wp-json\/wp\/v2\/pages\/1132","targetHints":{"allow":["GET"]}}],"collection":[{"href":"https:\/\/palmaescolesinfants.cat\/es\/wp-json\/wp\/v2\/pages"}],"about":[{"href":"https:\/\/palmaescolesinfants.cat\/es\/wp-json\/wp\/v2\/types\/page"}],"author":[{"embeddable":true,"href":"https:\/\/palmaescolesinfants.cat\/es\/wp-json\/wp\/v2\/users\/1"}],"replies":[{"embeddable":true,"href":"https:\/\/palmaescolesinfants.cat\/es\/wp-json\/wp\/v2\/comments?post=1132"}],"version-history":[{"count":36,"href":"https:\/\/palmaescolesinfants.cat\/es\/wp-json\/wp\/v2\/pages\/1132\/revisions"}],"predecessor-version":[{"id":4302,"href":"https:\/\/palmaescolesinfants.cat\/es\/wp-json\/wp\/v2\/pages\/1132\/revisions\/4302"}],"wp:attachment":[{"href":"https:\/\/palmaescolesinfants.cat\/es\/wp-json\/wp\/v2\/media?parent=1132"}],"curies":[{"name":"wp","href":"https:\/\/api.w.org\/{rel}","templated":true}]}}