{"id":3,"date":"2022-02-24T08:42:05","date_gmt":"2022-02-24T08:42:05","guid":{"rendered":"https:\/\/palmaescolesinfants.cat\/?page_id=3"},"modified":"2022-10-18T07:11:44","modified_gmt":"2022-10-18T07:11:44","slug":"politica-de-privacidad","status":"publish","type":"page","link":"https:\/\/palmaescolesinfants.cat\/es\/politica-de-privacidad\/","title":{"rendered":"Pol\u00edtica de privacidad"},"content":{"rendered":"\t\t<div data-elementor-type=\"wp-page\" data-elementor-id=\"3\" class=\"elementor elementor-3\">\n\t\t\t\t\t\t<section class=\"elementor-section elementor-top-section elementor-element elementor-element-4f5ea76 elementor-section-height-min-height elementor-section-items-stretch elementor-section-boxed elementor-section-height-default\" data-id=\"4f5ea76\" data-element_type=\"section\" data-settings=\"{&quot;background_background&quot;:&quot;classic&quot;}\">\n\t\t\t\t\t\t\t<div class=\"elementor-background-overlay\"><\/div>\n\t\t\t\t\t\t\t<div class=\"elementor-container elementor-column-gap-no\">\n\t\t\t\t\t<div class=\"elementor-column elementor-col-100 elementor-top-column elementor-element elementor-element-2a3a295\" data-id=\"2a3a295\" data-element_type=\"column\" data-settings=\"{&quot;background_background&quot;:&quot;classic&quot;}\">\n\t\t\t<div class=\"elementor-widget-wrap elementor-element-populated\">\n\t\t\t\t\t<div class=\"elementor-background-overlay\"><\/div>\n\t\t\t\t\t\t<div class=\"elementor-element elementor-element-b4dc35a elementor-widget elementor-widget-heading\" data-id=\"b4dc35a\" data-element_type=\"widget\" data-widget_type=\"heading.default\">\n\t\t\t\t<div class=\"elementor-widget-container\">\n\t\t\t\t\t<h2 class=\"elementor-heading-title elementor-size-default\">Patronat Municipal d\u2019Escoles d\u2019Infants<\/h2>\t\t\t\t<\/div>\n\t\t\t\t<\/div>\n\t\t\t\t<div class=\"elementor-element elementor-element-2ccc956 elementor-widget elementor-widget-heading\" data-id=\"2ccc956\" data-element_type=\"widget\" data-widget_type=\"heading.default\">\n\t\t\t\t<div class=\"elementor-widget-container\">\n\t\t\t\t\t<h1 class=\"elementor-heading-title elementor-size-default\">Pol\u00edtica de privacidad<\/h1>\t\t\t\t<\/div>\n\t\t\t\t<\/div>\n\t\t\t\t<div class=\"elementor-element elementor-element-d1f3c09 elementor-widget elementor-widget-spacer\" data-id=\"d1f3c09\" data-element_type=\"widget\" data-widget_type=\"spacer.default\">\n\t\t\t\t<div class=\"elementor-widget-container\">\n\t\t\t\t\t\t\t<div class=\"elementor-spacer\">\n\t\t\t<div class=\"elementor-spacer-inner\"><\/div>\n\t\t<\/div>\n\t\t\t\t\t\t<\/div>\n\t\t\t\t<\/div>\n\t\t\t\t\t<\/div>\n\t\t<\/div>\n\t\t\t\t\t<\/div>\n\t\t<\/section>\n\t\t\t\t<section class=\"elementor-section elementor-top-section elementor-element elementor-element-5fbd3e2 elementor-section-boxed elementor-section-height-default elementor-section-height-default\" data-id=\"5fbd3e2\" data-element_type=\"section\">\n\t\t\t\t\t\t<div class=\"elementor-container elementor-column-gap-no\">\n\t\t\t\t\t<div class=\"elementor-column elementor-col-100 elementor-top-column elementor-element elementor-element-6a4db75\" data-id=\"6a4db75\" data-element_type=\"column\" data-settings=\"{&quot;background_background&quot;:&quot;classic&quot;}\">\n\t\t\t<div class=\"elementor-widget-wrap elementor-element-populated\">\n\t\t\t\t\t\t<section class=\"elementor-section elementor-inner-section elementor-element elementor-element-55c430c elementor-section-full_width elementor-section-height-default elementor-section-height-default\" data-id=\"55c430c\" data-element_type=\"section\">\n\t\t\t\t\t\t<div class=\"elementor-container elementor-column-gap-default\">\n\t\t\t\t\t<div class=\"elementor-column elementor-col-100 elementor-inner-column elementor-element elementor-element-c0e42bf\" data-id=\"c0e42bf\" data-element_type=\"column\">\n\t\t\t<div class=\"elementor-widget-wrap elementor-element-populated\">\n\t\t\t\t\t\t<div class=\"elementor-element elementor-element-8cbc040 elementor-widget elementor-widget-heading\" data-id=\"8cbc040\" data-element_type=\"widget\" data-widget_type=\"heading.default\">\n\t\t\t\t<div class=\"elementor-widget-container\">\n\t\t\t\t\t<div class=\"elementor-heading-title elementor-size-default\">\u00bfQui\u00e9n es el responsable del tratamiento de los datos de car\u00e1cter personal?<\/div>\t\t\t\t<\/div>\n\t\t\t\t<\/div>\n\t\t\t\t<div class=\"elementor-element elementor-element-45bb23a linksnegros elementor-widget elementor-widget-text-editor\" data-id=\"45bb23a\" data-element_type=\"widget\" data-widget_type=\"text-editor.default\">\n\t\t\t\t<div class=\"elementor-widget-container\">\n\t\t\t\t\t\t\t\t\t<p><strong>Responsable:<\/strong> Patronat Municipal d&#8217;Escoles d&#8217;Infants (en adelante, PMEI)<br \/><strong>NIF:<\/strong> P5704002D<br \/><strong>Domicilio:<\/strong> Plaza Nova de la Ferreria, 2, 07002 Palma<br \/><strong>Contacto del delegado de protecci\u00f3n de datos:<\/strong> <a href=\"mailto:delegat.protecciodedades@palma.cat\">delegat.protecciodedades@palma.cat<\/a><\/p>\t\t\t\t\t\t\t\t<\/div>\n\t\t\t\t<\/div>\n\t\t\t\t<div class=\"elementor-element elementor-element-cf17033 elementor-widget elementor-widget-heading\" data-id=\"cf17033\" data-element_type=\"widget\" data-widget_type=\"heading.default\">\n\t\t\t\t<div class=\"elementor-widget-container\">\n\t\t\t\t\t<div class=\"elementor-heading-title elementor-size-default\">\u00bfCon qu\u00e9 fines tratamos sus datos de car\u00e1cter personal?<\/div>\t\t\t\t<\/div>\n\t\t\t\t<\/div>\n\t\t\t\t<div class=\"elementor-element elementor-element-7a5642d linksnegros elementor-widget elementor-widget-text-editor\" data-id=\"7a5642d\" data-element_type=\"widget\" data-widget_type=\"text-editor.default\">\n\t\t\t\t<div class=\"elementor-widget-container\">\n\t\t\t\t\t\t\t\t\t<p>La informaci\u00f3n que tratamos en el PMEI es la necesaria para:<\/p><ul><li>Valorar las solicitudes y gestionar los servicios propios de las escuelas infantiles de Palma y de sus servicios o gestiones complementarias (p. ej., subvenciones, administraci\u00f3n de leche materna, ayudas de comedor).<\/li><li>Atender y mantener informados a los padres, madres y tutores legales de las cuestiones organizativas, administrativas y pedag\u00f3gicas por los medios habituales, es decir, mediante circulares y reuniones o, en caso de necesidad, por tel\u00e9fono. Si se dispone de autorizaci\u00f3n expresa, se podr\u00e1 utilizar el correo electr\u00f3nico o medios de mensajer\u00eda instant\u00e1nea como Telegram y WhatsApp.<\/li><li>Gestionar y controlar las atenciones que reciben tanto los ni\u00f1os y las ni\u00f1as como las familias por parte de los centros de educaci\u00f3n infantil y del \u00e1rea de trabajo social del PMEI.<\/li><li>Se podr\u00e1 hacer uso de im\u00e1genes, v\u00eddeos y grabaciones de voz para realizar actividades formativas internas en los centros y para documentar, mediante un informe individualizado de final de curso, los procesos y los itinerarios de los ni\u00f1os y las ni\u00f1as.<\/li><li>Si se cuenta con autorizaci\u00f3n expresa, los ni\u00f1os y las ni\u00f1as podr\u00e1n participar en las fotograf\u00edas de grupo que se incluir\u00e1n en el informe individualizado de fin de curso, con el objetivo de documentar sus procesos e itinerarios.<\/li><li>Si se cuenta con autorizaci\u00f3n expresa, las im\u00e1genes, los v\u00eddeos y las grabaciones de voz de los ni\u00f1os y las ni\u00f1as se podr\u00e1n utilizar para divulgar la labor que se realiza en las escuelas infantiles. Esta divulgaci\u00f3n podr\u00e1 realizarse mediante libros de informaci\u00f3n sobre el PMEI, de presentaci\u00f3n de nuestros servicios en congresos o a trav\u00e9s de la web oficial del PMEI. Estas im\u00e1genes en ning\u00fan caso vulnerar\u00e1n los derechos fundamentales de los ni\u00f1os y las ni\u00f1as.<\/li><li>Para fines estad\u00edsticos y de mejora de nuestros servicios, mediante datos anonimizados. Para llevar a cabo esta actividad, es posible que las familias reciban encuestas de opini\u00f3n, que ser\u00e1n de respuesta voluntaria.<\/li><li>Realizar las actividades administrativas, fiscales y contables del PMEI.<\/li><\/ul>\t\t\t\t\t\t\t\t<\/div>\n\t\t\t\t<\/div>\n\t\t\t\t<div class=\"elementor-element elementor-element-939691a elementor-widget elementor-widget-spacer\" data-id=\"939691a\" data-element_type=\"widget\" data-widget_type=\"spacer.default\">\n\t\t\t\t<div class=\"elementor-widget-container\">\n\t\t\t\t\t\t\t<div class=\"elementor-spacer\">\n\t\t\t<div class=\"elementor-spacer-inner\"><\/div>\n\t\t<\/div>\n\t\t\t\t\t\t<\/div>\n\t\t\t\t<\/div>\n\t\t\t\t<div class=\"elementor-element elementor-element-247badf elementor-widget elementor-widget-heading\" data-id=\"247badf\" data-element_type=\"widget\" data-widget_type=\"heading.default\">\n\t\t\t\t<div class=\"elementor-widget-container\">\n\t\t\t\t\t<div class=\"elementor-heading-title elementor-size-default\">\u00bfQu\u00e9 datos de car\u00e1cter personal tratamos?<\/div>\t\t\t\t<\/div>\n\t\t\t\t<\/div>\n\t\t\t\t<div class=\"elementor-element elementor-element-9f1196e linksnegros elementor-widget elementor-widget-text-editor\" data-id=\"9f1196e\" data-element_type=\"widget\" data-widget_type=\"text-editor.default\">\n\t\t\t\t<div class=\"elementor-widget-container\">\n\t\t\t\t\t\t\t\t\t<p>Los datos de car\u00e1cter personal que el PMEI puede tratar son:<\/p><ul><li>Identificativos: datos de identificaci\u00f3n de los ni\u00f1os y las ni\u00f1as y de los padres, madres y\/o tutores legales, como nombre y apellidos, n\u00famero de DNI o NIE, domicilio, tel\u00e9fono, direcci\u00f3n de correo electr\u00f3nico, im\u00e1genes y audios.<\/li><li>Personales: fecha y lugar de nacimiento, edad, estado civil y datos familiares.<\/li><li>Econ\u00f3micas y financieras: datos laborales, datos bancarios y rentas familiares.<\/li><li>Sociales: ayudas o subvenciones, percepci\u00f3n de prestaciones de asistencia social, subsidios y\/o pensiones.<\/li><li>M\u00e9dicas o de salud: discapacidades, necesidades especiales y estado de salud de los ni\u00f1os y las ni\u00f1as, as\u00ed como discapacidades de los miembros de la unidad familiar del menor.<\/li><li>Judiciales: procesos judiciales y convenios reguladores de separaciones, divorcios, custodias legales y tutelas.<\/li><\/ul>\t\t\t\t\t\t\t\t<\/div>\n\t\t\t\t<\/div>\n\t\t\t\t<div class=\"elementor-element elementor-element-d718379 elementor-widget elementor-widget-spacer\" data-id=\"d718379\" data-element_type=\"widget\" data-widget_type=\"spacer.default\">\n\t\t\t\t<div class=\"elementor-widget-container\">\n\t\t\t\t\t\t\t<div class=\"elementor-spacer\">\n\t\t\t<div class=\"elementor-spacer-inner\"><\/div>\n\t\t<\/div>\n\t\t\t\t\t\t<\/div>\n\t\t\t\t<\/div>\n\t\t\t\t<div class=\"elementor-element elementor-element-52fdc4e elementor-widget elementor-widget-heading\" data-id=\"52fdc4e\" data-element_type=\"widget\" data-widget_type=\"heading.default\">\n\t\t\t\t<div class=\"elementor-widget-container\">\n\t\t\t\t\t<div class=\"elementor-heading-title elementor-size-default\">\u00bfDe d\u00f3nde obtenemos los datos de car\u00e1cter personal?<\/div>\t\t\t\t<\/div>\n\t\t\t\t<\/div>\n\t\t\t\t<div class=\"elementor-element elementor-element-0d0e605 linksnegros elementor-widget elementor-widget-text-editor\" data-id=\"0d0e605\" data-element_type=\"widget\" data-widget_type=\"text-editor.default\">\n\t\t\t\t<div class=\"elementor-widget-container\">\n\t\t\t\t\t\t\t\t\t<p>Los datos de car\u00e1cter personal que tratamos en el PMEI, los obtenemos a partir de los siguientes medios:<\/p><ul><li>De los formularios de solicitud, inscripci\u00f3n y matr\u00edcula que se cumplimenten para cualquiera de los servicios.<\/li><li>De la documentaci\u00f3n adjunta a los procesos de solicitud, inscripci\u00f3n y matriculaci\u00f3n.<\/li><li>De las comunicaciones que mantengamos con los padres, madres y tutores legales en el marco de la prestaci\u00f3n del servicio.<\/li><li>De otras Administraciones p\u00fablicas, entidades del tercer sector y servicios p\u00fablicos, cuando sean necesarios para verificar o coordinar los servicios prestados.<\/li><li>De la informaci\u00f3n generada a partir de la prestaci\u00f3n de los servicios que ofrece el PMEI.<\/li><li>De las fotograf\u00edas, v\u00eddeos y grabaciones de voz que se hagan durante las actividades.<\/li><\/ul>\t\t\t\t\t\t\t\t<\/div>\n\t\t\t\t<\/div>\n\t\t\t\t<div class=\"elementor-element elementor-element-43ea635 elementor-widget elementor-widget-spacer\" data-id=\"43ea635\" data-element_type=\"widget\" data-widget_type=\"spacer.default\">\n\t\t\t\t<div class=\"elementor-widget-container\">\n\t\t\t\t\t\t\t<div class=\"elementor-spacer\">\n\t\t\t<div class=\"elementor-spacer-inner\"><\/div>\n\t\t<\/div>\n\t\t\t\t\t\t<\/div>\n\t\t\t\t<\/div>\n\t\t\t\t<div class=\"elementor-element elementor-element-6c9d909 elementor-widget elementor-widget-heading\" data-id=\"6c9d909\" data-element_type=\"widget\" data-widget_type=\"heading.default\">\n\t\t\t\t<div class=\"elementor-widget-container\">\n\t\t\t\t\t<div class=\"elementor-heading-title elementor-size-default\">\u00bfCu\u00e1les son las bases de legitimaci\u00f3n del tratamiento de los datos de car\u00e1cter personal?<\/div>\t\t\t\t<\/div>\n\t\t\t\t<\/div>\n\t\t\t\t<div class=\"elementor-element elementor-element-5d15e4b linksnegros elementor-widget elementor-widget-text-editor\" data-id=\"5d15e4b\" data-element_type=\"widget\" data-widget_type=\"text-editor.default\">\n\t\t\t\t<div class=\"elementor-widget-container\">\n\t\t\t\t\t\t\t\t\t<p>El PMEI est\u00e1 autorizado a recoger y tratar los datos de car\u00e1cter personal, puesto que su tratamiento es necesario para el ejercicio de los poderes p\u00fablicos conferidos al responsable del tratamiento y para cumplir la obligaci\u00f3n legal de este. Es decir, de conformidad con lo que disponen los art\u00edculos 6.1.c y 6.1.e del Reglamento europeo 2016\/679, de Protecci\u00f3n de Datos de Car\u00e1cter Personal, y la disposici\u00f3n adicional vig\u00e9sima tercera de la Ley Org\u00e1nica 2\/2006, de 3 de mayo, de Educaci\u00f3n.<\/p><p>Para la recopilaci\u00f3n y tratamiento de los datos que no son estrictamente necesarios para cumplir con la prestaci\u00f3n del servicio, se solicitar\u00e1 el consentimiento previo de los padres, madres y tutores legales.<\/p>\t\t\t\t\t\t\t\t<\/div>\n\t\t\t\t<\/div>\n\t\t\t\t<div class=\"elementor-element elementor-element-97cf108 elementor-widget elementor-widget-spacer\" data-id=\"97cf108\" data-element_type=\"widget\" data-widget_type=\"spacer.default\">\n\t\t\t\t<div class=\"elementor-widget-container\">\n\t\t\t\t\t\t\t<div class=\"elementor-spacer\">\n\t\t\t<div class=\"elementor-spacer-inner\"><\/div>\n\t\t<\/div>\n\t\t\t\t\t\t<\/div>\n\t\t\t\t<\/div>\n\t\t\t\t<div class=\"elementor-element elementor-element-9bfb31d elementor-widget elementor-widget-heading\" data-id=\"9bfb31d\" data-element_type=\"widget\" data-widget_type=\"heading.default\">\n\t\t\t\t<div class=\"elementor-widget-container\">\n\t\t\t\t\t<div class=\"elementor-heading-title elementor-size-default\">\u00bfCon qui\u00e9n compartimos sus datos de car\u00e1cter personal?<\/div>\t\t\t\t<\/div>\n\t\t\t\t<\/div>\n\t\t\t\t<div class=\"elementor-element elementor-element-315aa68 linksnegros elementor-widget elementor-widget-text-editor\" data-id=\"315aa68\" data-element_type=\"widget\" data-widget_type=\"text-editor.default\">\n\t\t\t\t<div class=\"elementor-widget-container\">\n\t\t\t\t\t\t\t\t\t<p>Para gestionar determinados servicios, el PMEI cuenta con la participaci\u00f3n de terceras personas ajenas al organismo, que pueden ser empresas, empresarios individuales y otras Administraciones p\u00fablicas, entre otros. Estas terceras personas, que act\u00faan mediante contratos de servicios, convenios de colaboraci\u00f3n u otras formas jur\u00eddicas, pueden tener acceso a los datos cuando resulte necesario para llevar a cabo las tareas que tienen encomendadas (p. ej., proveedores de servicios inform\u00e1ticos, empresas concesionarias de gesti\u00f3n del servicio, empresas de asesoramiento externas, entre otros). Todas estas terceras personas tendr\u00e1n que cumplir, como m\u00ednimo, con las mismas medidas de protecci\u00f3n de datos establecidas por parte del PMEI.<\/p><p>Asimismo, el PMEI puede facilitar ciertos datos a las Administraciones p\u00fablicas, las entidades del tercer sector de \u00e1mbito social y a servicios p\u00fablicos cuando sea necesario para el cumplimiento de sus obligaciones legales (p. ej., la hacienda p\u00fablica, el ministerio fiscal, etc.) y para la gesti\u00f3n de los servicios que lleva a cabo (p. ej., subvenciones, coordinaci\u00f3n con otros servicios de atenci\u00f3n social de Palma cuando esta act\u00fae como encargada del tratamiento de otras Administraciones, etc.).<\/p>\t\t\t\t\t\t\t\t<\/div>\n\t\t\t\t<\/div>\n\t\t\t\t<div class=\"elementor-element elementor-element-f06af8e elementor-widget elementor-widget-heading\" data-id=\"f06af8e\" data-element_type=\"widget\" data-widget_type=\"heading.default\">\n\t\t\t\t<div class=\"elementor-widget-container\">\n\t\t\t\t\t<div class=\"elementor-heading-title elementor-size-default\">\u00bfPor cu\u00e1nto tiempo se conservan los datos de car\u00e1cter personal?<\/div>\t\t\t\t<\/div>\n\t\t\t\t<\/div>\n\t\t\t\t<div class=\"elementor-element elementor-element-92fb4ac linksnegros elementor-widget elementor-widget-text-editor\" data-id=\"92fb4ac\" data-element_type=\"widget\" data-widget_type=\"text-editor.default\">\n\t\t\t\t<div class=\"elementor-widget-container\">\n\t\t\t\t\t\t\t\t\t<p>Los datos proporcionados por los usuarios se conservar\u00e1n mientras se presten los servicios. Finalizada la relaci\u00f3n, el PMEI conservar\u00e1 los datos durante el plazo que se considere razonablemente necesario para cumplir con las obligaciones legales. Transcurrido este plazo, los datos se eliminar\u00e1n de todos los sistemas.<\/p>\t\t\t\t\t\t\t\t<\/div>\n\t\t\t\t<\/div>\n\t\t\t\t<div class=\"elementor-element elementor-element-83cca53 elementor-widget elementor-widget-heading\" data-id=\"83cca53\" data-element_type=\"widget\" data-widget_type=\"heading.default\">\n\t\t\t\t<div class=\"elementor-widget-container\">\n\t\t\t\t\t<div class=\"elementor-heading-title elementor-size-default\">\u00bfCu\u00e1les son sus derechos, en calidad de persona afectada o interesada?<\/div>\t\t\t\t<\/div>\n\t\t\t\t<\/div>\n\t\t\t\t<div class=\"elementor-element elementor-element-a8896aa linksnegros elementor-widget elementor-widget-text-editor\" data-id=\"a8896aa\" data-element_type=\"widget\" data-widget_type=\"text-editor.default\">\n\t\t\t\t<div class=\"elementor-widget-container\">\n\t\t\t\t\t\t\t\t\t<p>Los usuarios tienen derecho a solicitar el acceso a sus datos, la limitaci\u00f3n de su uso, o bien oponerse a su tratamiento, as\u00ed como solicitar su portabilidad, rectificaci\u00f3n o supresi\u00f3n. En los casos en que la legitimaci\u00f3n est\u00e9 basada en el consentimiento, el usuario tiene el derecho de revocarlo para el tratamiento de sus datos con determinados fines, sin que este hecho afecte a la licitud del tratamiento, puesto que este est\u00e1 basado en el consentimiento previo a la retirada. Estos derechos se podr\u00e1n ejercitar enviando un correo electr\u00f3nico al delegado de protecci\u00f3n de datos (delegat.protecciodedades@palma.cat) o bien mediante un escrito o personalmente, dejando constancia escrita, en las oficinas del PMEI (plaza Nova de la Ferreria, 2, 07002 Palma).<\/p><p>En \u00faltima instancia, en el caso de que no se garanticen los derechos por los medios antes indicados, tambi\u00e9n podr\u00e1 presentarse una reclamaci\u00f3n ante la Agencia Espa\u00f1ola de Protecci\u00f3n de Datos (c\/ de Jorge Juan, 6, 28001 Madrid) llamando al tel\u00e9fono 901100099 o 912663517.<\/p>\t\t\t\t\t\t\t\t<\/div>\n\t\t\t\t<\/div>\n\t\t\t\t\t<\/div>\n\t\t<\/div>\n\t\t\t\t\t<\/div>\n\t\t<\/section>\n\t\t\t\t\t<\/div>\n\t\t<\/div>\n\t\t\t\t\t<\/div>\n\t\t<\/section>\n\t\t\t\t<section class=\"elementor-section elementor-top-section elementor-element elementor-element-9509471 elementor-section-boxed elementor-section-height-default elementor-section-height-default\" data-id=\"9509471\" data-element_type=\"section\">\n\t\t\t\t\t\t<div class=\"elementor-container elementor-column-gap-no\">\n\t\t\t\t\t<div class=\"elementor-column elementor-col-100 elementor-top-column elementor-element elementor-element-ee2fa33\" data-id=\"ee2fa33\" data-element_type=\"column\" data-settings=\"{&quot;background_background&quot;:&quot;classic&quot;}\">\n\t\t\t<div class=\"elementor-widget-wrap elementor-element-populated\">\n\t\t\t\t\t\t<section class=\"elementor-section elementor-inner-section elementor-element elementor-element-f7fccb1 elementor-section-full_width elementor-section-height-default elementor-section-height-default\" data-id=\"f7fccb1\" data-element_type=\"section\">\n\t\t\t\t\t\t<div class=\"elementor-container elementor-column-gap-default\">\n\t\t\t\t\t<div class=\"elementor-column elementor-col-100 elementor-inner-column elementor-element elementor-element-02dafc3\" data-id=\"02dafc3\" data-element_type=\"column\" data-settings=\"{&quot;background_background&quot;:&quot;classic&quot;}\">\n\t\t\t<div class=\"elementor-widget-wrap elementor-element-populated\">\n\t\t\t\t\t\t<div class=\"elementor-element elementor-element-18b86ed elementor-widget elementor-widget-heading\" data-id=\"18b86ed\" data-element_type=\"widget\" data-widget_type=\"heading.default\">\n\t\t\t\t<div class=\"elementor-widget-container\">\n\t\t\t\t\t<div class=\"elementor-heading-title elementor-size-default\">Fotograf\u00edas en los centros<\/div>\t\t\t\t<\/div>\n\t\t\t\t<\/div>\n\t\t\t\t<div class=\"elementor-element elementor-element-617e64f linksnegros elementor-widget elementor-widget-text-editor\" data-id=\"617e64f\" data-element_type=\"widget\" data-widget_type=\"text-editor.default\">\n\t\t\t\t<div class=\"elementor-widget-container\">\n\t\t\t\t\t\t\t\t\t<p>Con el fin de garantizar el derecho de imagen de todos los ni\u00f1os y las ni\u00f1as, de acuerdo con la normativa vigente en materia de protecci\u00f3n de datos de car\u00e1cter personal y la referente a los derechos de imagen, se solicita a las familias que no tomen fotograf\u00edas dentro de las escuelas infantiles. A final de curso, se pondr\u00e1 a disposici\u00f3n de las familias un informe individualizado que documentar\u00e1 con im\u00e1genes los procesos y los itinerarios en los que el ni\u00f1o o la ni\u00f1a haya participado. Si se facilitan im\u00e1genes de grupo, estas no podr\u00e1n compartirse en las redes sociales.<\/p>\t\t\t\t\t\t\t\t<\/div>\n\t\t\t\t<\/div>\n\t\t\t\t\t<\/div>\n\t\t<\/div>\n\t\t\t\t\t<\/div>\n\t\t<\/section>\n\t\t\t\t\t<\/div>\n\t\t<\/div>\n\t\t\t\t\t<\/div>\n\t\t<\/section>\n\t\t\t\t<\/div>\n\t\t","protected":false},"excerpt":{"rendered":"<p>Patronat Municipal d\u2019Escoles d\u2019Infants Pol\u00edtica de privacidad \u00bfQui\u00e9n es el responsable del tratamiento de los datos de car\u00e1cter personal? Responsable: Patronat Municipal d&#8217;Escoles d&#8217;Infants (en adelante, PMEI)NIF: P5704002DDomicilio: Plaza Nova de la Ferreria, 2, 07002 PalmaContacto del delegado de protecci\u00f3n de datos: delegat.protecciodedades@palma.cat \u00bfCon qu\u00e9 fines tratamos sus datos de car\u00e1cter personal? La informaci\u00f3n que [&hellip;]<\/p>\n","protected":false},"author":1,"featured_media":0,"parent":0,"menu_order":0,"comment_status":"closed","ping_status":"closed","template":"elementor_header_footer","meta":{"inline_featured_image":false,"footnotes":""},"class_list":["post-3","page","type-page","status-publish","hentry"],"yoast_head":"<!-- This site is optimized with the Yoast SEO plugin v24.5 - https:\/\/yoast.com\/wordpress\/plugins\/seo\/ -->\n<title>Pol\u00edtica de privacitat | Patronat Municipal d&#039;Escoles d&#039;Infants, Palma<\/title>\n<meta name=\"robots\" content=\"index, follow, max-snippet:-1, max-image-preview:large, max-video-preview:-1\" \/>\n<link rel=\"canonical\" href=\"https:\/\/palmaescolesinfants.cat\/es\/politica-de-privacidad\/\" \/>\n<meta property=\"og:locale\" content=\"es_ES\" \/>\n<meta property=\"og:type\" content=\"article\" \/>\n<meta property=\"og:title\" content=\"Pol\u00edtica de privacitat | Patronat Municipal d&#039;Escoles d&#039;Infants, Palma\" \/>\n<meta property=\"og:description\" content=\"Patronat Municipal d\u2019Escoles d\u2019Infants Pol\u00edtica de privacidad \u00bfQui\u00e9n es el responsable del tratamiento de los datos de car\u00e1cter personal? Responsable: Patronat Municipal d&#8217;Escoles d&#8217;Infants (en adelante, PMEI)NIF: P5704002DDomicilio: Plaza Nova de la Ferreria, 2, 07002 PalmaContacto del delegado de protecci\u00f3n de datos: delegat.protecciodedades@palma.cat \u00bfCon qu\u00e9 fines tratamos sus datos de car\u00e1cter personal? La informaci\u00f3n que [&hellip;]\" \/>\n<meta property=\"og:url\" content=\"https:\/\/palmaescolesinfants.cat\/es\/politica-de-privacidad\/\" \/>\n<meta property=\"og:site_name\" content=\"Patronat Municipal d&#039;Escoles d&#039;Infants de l&#039;Ajuntament de Palma\" \/>\n<meta property=\"article:modified_time\" content=\"2022-10-18T07:11:44+00:00\" \/>\n<meta name=\"twitter:card\" content=\"summary_large_image\" \/>\n<meta name=\"twitter:label1\" content=\"Tiempo de lectura\" \/>\n\t<meta name=\"twitter:data1\" content=\"6 minutos\" \/>\n<script type=\"application\/ld+json\" class=\"yoast-schema-graph\">{\"@context\":\"https:\/\/schema.org\",\"@graph\":[{\"@type\":\"WebPage\",\"@id\":\"https:\/\/palmaescolesinfants.cat\/es\/politica-de-privacidad\/\",\"url\":\"https:\/\/palmaescolesinfants.cat\/es\/politica-de-privacidad\/\",\"name\":\"Pol\u00edtica de privacitat | Patronat Municipal d'Escoles d'Infants, Palma\",\"isPartOf\":{\"@id\":\"https:\/\/palmaescolesinfants.cat\/#website\"},\"datePublished\":\"2022-02-24T08:42:05+00:00\",\"dateModified\":\"2022-10-18T07:11:44+00:00\",\"breadcrumb\":{\"@id\":\"https:\/\/palmaescolesinfants.cat\/es\/politica-de-privacidad\/#breadcrumb\"},\"inLanguage\":\"es\",\"potentialAction\":[{\"@type\":\"ReadAction\",\"target\":[\"https:\/\/palmaescolesinfants.cat\/es\/politica-de-privacidad\/\"]}]},{\"@type\":\"BreadcrumbList\",\"@id\":\"https:\/\/palmaescolesinfants.cat\/es\/politica-de-privacidad\/#breadcrumb\",\"itemListElement\":[{\"@type\":\"ListItem\",\"position\":1,\"name\":\"Portada\",\"item\":\"https:\/\/palmaescolesinfants.cat\/\"},{\"@type\":\"ListItem\",\"position\":2,\"name\":\"Pol\u00edtica de privacidad\"}]},{\"@type\":\"WebSite\",\"@id\":\"https:\/\/palmaescolesinfants.cat\/#website\",\"url\":\"https:\/\/palmaescolesinfants.cat\/\",\"name\":\"Patronat Municipal d&#039;Escoles d&#039;Infants de l&#039;Ajuntament de Palma\",\"description\":\"L&#039;educaci\u00f3 dels infants \u00e9s el nostre principal objectiu\",\"potentialAction\":[{\"@type\":\"SearchAction\",\"target\":{\"@type\":\"EntryPoint\",\"urlTemplate\":\"https:\/\/palmaescolesinfants.cat\/?s={search_term_string}\"},\"query-input\":{\"@type\":\"PropertyValueSpecification\",\"valueRequired\":true,\"valueName\":\"search_term_string\"}}],\"inLanguage\":\"es\"}]}<\/script>\n<!-- \/ Yoast SEO plugin. -->","yoast_head_json":{"title":"Pol\u00edtica de privacitat | Patronat Municipal d'Escoles d'Infants, Palma","robots":{"index":"index","follow":"follow","max-snippet":"max-snippet:-1","max-image-preview":"max-image-preview:large","max-video-preview":"max-video-preview:-1"},"canonical":"https:\/\/palmaescolesinfants.cat\/es\/politica-de-privacidad\/","og_locale":"es_ES","og_type":"article","og_title":"Pol\u00edtica de privacitat | Patronat Municipal d'Escoles d'Infants, Palma","og_description":"Patronat Municipal d\u2019Escoles d\u2019Infants Pol\u00edtica de privacidad \u00bfQui\u00e9n es el responsable del tratamiento de los datos de car\u00e1cter personal? Responsable: Patronat Municipal d&#8217;Escoles d&#8217;Infants (en adelante, PMEI)NIF: P5704002DDomicilio: Plaza Nova de la Ferreria, 2, 07002 PalmaContacto del delegado de protecci\u00f3n de datos: delegat.protecciodedades@palma.cat \u00bfCon qu\u00e9 fines tratamos sus datos de car\u00e1cter personal? La informaci\u00f3n que [&hellip;]","og_url":"https:\/\/palmaescolesinfants.cat\/es\/politica-de-privacidad\/","og_site_name":"Patronat Municipal d&#039;Escoles d&#039;Infants de l&#039;Ajuntament de Palma","article_modified_time":"2022-10-18T07:11:44+00:00","twitter_card":"summary_large_image","twitter_misc":{"Tiempo de lectura":"6 minutos"},"schema":{"@context":"https:\/\/schema.org","@graph":[{"@type":"WebPage","@id":"https:\/\/palmaescolesinfants.cat\/es\/politica-de-privacidad\/","url":"https:\/\/palmaescolesinfants.cat\/es\/politica-de-privacidad\/","name":"Pol\u00edtica de privacitat | Patronat Municipal d'Escoles d'Infants, Palma","isPartOf":{"@id":"https:\/\/palmaescolesinfants.cat\/#website"},"datePublished":"2022-02-24T08:42:05+00:00","dateModified":"2022-10-18T07:11:44+00:00","breadcrumb":{"@id":"https:\/\/palmaescolesinfants.cat\/es\/politica-de-privacidad\/#breadcrumb"},"inLanguage":"es","potentialAction":[{"@type":"ReadAction","target":["https:\/\/palmaescolesinfants.cat\/es\/politica-de-privacidad\/"]}]},{"@type":"BreadcrumbList","@id":"https:\/\/palmaescolesinfants.cat\/es\/politica-de-privacidad\/#breadcrumb","itemListElement":[{"@type":"ListItem","position":1,"name":"Portada","item":"https:\/\/palmaescolesinfants.cat\/"},{"@type":"ListItem","position":2,"name":"Pol\u00edtica de privacidad"}]},{"@type":"WebSite","@id":"https:\/\/palmaescolesinfants.cat\/#website","url":"https:\/\/palmaescolesinfants.cat\/","name":"Patronat Municipal d&#039;Escoles d&#039;Infants de l&#039;Ajuntament de Palma","description":"L&#039;educaci\u00f3 dels infants \u00e9s el nostre principal objectiu","potentialAction":[{"@type":"SearchAction","target":{"@type":"EntryPoint","urlTemplate":"https:\/\/palmaescolesinfants.cat\/?s={search_term_string}"},"query-input":{"@type":"PropertyValueSpecification","valueRequired":true,"valueName":"search_term_string"}}],"inLanguage":"es"}]}},"_links":{"self":[{"href":"https:\/\/palmaescolesinfants.cat\/es\/wp-json\/wp\/v2\/pages\/3","targetHints":{"allow":["GET"]}}],"collection":[{"href":"https:\/\/palmaescolesinfants.cat\/es\/wp-json\/wp\/v2\/pages"}],"about":[{"href":"https:\/\/palmaescolesinfants.cat\/es\/wp-json\/wp\/v2\/types\/page"}],"author":[{"embeddable":true,"href":"https:\/\/palmaescolesinfants.cat\/es\/wp-json\/wp\/v2\/users\/1"}],"replies":[{"embeddable":true,"href":"https:\/\/palmaescolesinfants.cat\/es\/wp-json\/wp\/v2\/comments?post=3"}],"version-history":[{"count":30,"href":"https:\/\/palmaescolesinfants.cat\/es\/wp-json\/wp\/v2\/pages\/3\/revisions"}],"predecessor-version":[{"id":3208,"href":"https:\/\/palmaescolesinfants.cat\/es\/wp-json\/wp\/v2\/pages\/3\/revisions\/3208"}],"wp:attachment":[{"href":"https:\/\/palmaescolesinfants.cat\/es\/wp-json\/wp\/v2\/media?parent=3"}],"curies":[{"name":"wp","href":"https:\/\/api.w.org\/{rel}","templated":true}]}}