{"id":567,"date":"2022-02-24T13:28:21","date_gmt":"2022-02-24T13:28:21","guid":{"rendered":"https:\/\/palmaescolesinfants.cat\/?page_id=567"},"modified":"2022-08-18T12:19:23","modified_gmt":"2022-08-18T12:19:23","slug":"autoritzacio-de-la-conselleria","status":"publish","type":"page","link":"https:\/\/palmaescolesinfants.cat\/es\/autoritzacio-de-la-conselleria\/","title":{"rendered":"Autoritzaci\u00f3 de la conselleria"},"content":{"rendered":"\t\t<div data-elementor-type=\"wp-page\" data-elementor-id=\"567\" class=\"elementor elementor-567\">\n\t\t\t\t\t\t<section class=\"elementor-section elementor-top-section elementor-element elementor-element-34febe84 elementor-section-height-min-height elementor-section-items-stretch elementor-section-boxed elementor-section-height-default\" data-id=\"34febe84\" data-element_type=\"section\" data-settings=\"{&quot;background_background&quot;:&quot;classic&quot;}\">\n\t\t\t\t\t\t\t<div class=\"elementor-background-overlay\"><\/div>\n\t\t\t\t\t\t\t<div class=\"elementor-container elementor-column-gap-no\">\n\t\t\t\t\t<div class=\"elementor-column elementor-col-100 elementor-top-column elementor-element elementor-element-3fd586f8\" data-id=\"3fd586f8\" data-element_type=\"column\" data-settings=\"{&quot;background_background&quot;:&quot;classic&quot;}\">\n\t\t\t<div class=\"elementor-widget-wrap elementor-element-populated\">\n\t\t\t\t\t<div class=\"elementor-background-overlay\"><\/div>\n\t\t\t\t\t\t<div class=\"elementor-element elementor-element-f129611 elementor-widget elementor-widget-heading\" data-id=\"f129611\" data-element_type=\"widget\" data-widget_type=\"heading.default\">\n\t\t\t\t<div class=\"elementor-widget-container\">\n\t\t\t\t\t<h2 class=\"elementor-heading-title elementor-size-default\">presentaci\u00f3<\/h2>\t\t\t\t<\/div>\n\t\t\t\t<\/div>\n\t\t\t\t<div class=\"elementor-element elementor-element-ec0b800 elementor-widget elementor-widget-spacer\" data-id=\"ec0b800\" data-element_type=\"widget\" data-widget_type=\"spacer.default\">\n\t\t\t\t<div class=\"elementor-widget-container\">\n\t\t\t\t\t\t\t<div class=\"elementor-spacer\">\n\t\t\t<div class=\"elementor-spacer-inner\"><\/div>\n\t\t<\/div>\n\t\t\t\t\t\t<\/div>\n\t\t\t\t<\/div>\n\t\t\t\t<div class=\"elementor-element elementor-element-fe43ea2 elementor-widget elementor-widget-heading\" data-id=\"fe43ea2\" data-element_type=\"widget\" data-widget_type=\"heading.default\">\n\t\t\t\t<div class=\"elementor-widget-container\">\n\t\t\t\t\t<h1 class=\"elementor-heading-title elementor-size-default\">Autoritzaci\u00f3 de la conselleria\n<\/h1>\t\t\t\t<\/div>\n\t\t\t\t<\/div>\n\t\t\t\t\t<\/div>\n\t\t<\/div>\n\t\t\t\t\t<\/div>\n\t\t<\/section>\n\t\t\t\t<section class=\"elementor-section elementor-top-section elementor-element elementor-element-7e702f5 elementor-section-boxed elementor-section-height-default elementor-section-height-default\" data-id=\"7e702f5\" data-element_type=\"section\">\n\t\t\t\t\t\t<div class=\"elementor-container elementor-column-gap-no\">\n\t\t\t\t\t<div class=\"elementor-column elementor-col-100 elementor-top-column elementor-element elementor-element-f8a1ad9\" data-id=\"f8a1ad9\" data-element_type=\"column\" data-settings=\"{&quot;background_background&quot;:&quot;classic&quot;}\">\n\t\t\t<div class=\"elementor-widget-wrap elementor-element-populated\">\n\t\t\t\t\t\t<section class=\"elementor-section elementor-inner-section elementor-element elementor-element-9867e52 elementor-section-full_width elementor-section-height-default elementor-section-height-default\" data-id=\"9867e52\" data-element_type=\"section\">\n\t\t\t\t\t\t<div class=\"elementor-container elementor-column-gap-default\">\n\t\t\t\t\t<div class=\"elementor-column elementor-col-100 elementor-inner-column elementor-element elementor-element-f4e75b2\" data-id=\"f4e75b2\" data-element_type=\"column\">\n\t\t\t<div class=\"elementor-widget-wrap elementor-element-populated\">\n\t\t\t\t\t\t<div class=\"elementor-element elementor-element-f6e43aa elementor-widget elementor-widget-text-editor\" data-id=\"f6e43aa\" data-element_type=\"widget\" data-widget_type=\"text-editor.default\">\n\t\t\t\t<div class=\"elementor-widget-container\">\n\t\t\t\t\t\t\t\t\t<p>Totes les escoles infantils del Patronat estan autoritzades i inscrites a la Xarxa d\u2019Escoles Infantils P\u00fabliques de les Illes Balears; d\u2019aquesta manera, a nivell normatiu, es regeixen pel Decret 60\/2008 i per les Instruccions per a l\u2019organitzaci\u00f3 i el funcionament dels centres d\u2019educaci\u00f3 infantil de titularitat p\u00fablica (que es publiquen just abans de l\u2019inici de cada curs escolar).<\/p>\t\t\t\t\t\t\t\t<\/div>\n\t\t\t\t<\/div>\n\t\t\t\t\t<\/div>\n\t\t<\/div>\n\t\t\t\t\t<\/div>\n\t\t<\/section>\n\t\t\t\t\t<\/div>\n\t\t<\/div>\n\t\t\t\t\t<\/div>\n\t\t<\/section>\n\t\t\t\t<\/div>\n\t\t","protected":false},"excerpt":{"rendered":"<p>presentaci\u00f3 Autoritzaci\u00f3 de la conselleria Totes les escoles infantils del Patronat estan autoritzades i inscrites a la Xarxa d\u2019Escoles Infantils P\u00fabliques de les Illes Balears; d\u2019aquesta manera, a nivell normatiu, es regeixen pel Decret 60\/2008 i per les Instruccions per a l\u2019organitzaci\u00f3 i el funcionament dels centres d\u2019educaci\u00f3 infantil de titularitat p\u00fablica (que es publiquen [&hellip;]<\/p>\n","protected":false},"author":1,"featured_media":0,"parent":0,"menu_order":0,"comment_status":"closed","ping_status":"closed","template":"elementor_header_footer","meta":{"inline_featured_image":false,"footnotes":""},"class_list":["post-567","page","type-page","status-publish","hentry"],"yoast_head":"<!-- This site is optimized with the Yoast SEO plugin v24.5 - https:\/\/yoast.com\/wordpress\/plugins\/seo\/ -->\n<title>Autoritzaci\u00f3 de la Conselleria | Patronat Municipal d&#039;Escoles d&#039;Infants<\/title>\n<meta name=\"robots\" content=\"index, follow, max-snippet:-1, max-image-preview:large, max-video-preview:-1\" \/>\n<link rel=\"canonical\" href=\"https:\/\/palmaescolesinfants.cat\/autoritzacio-de-la-conselleria\/\" \/>\n<meta property=\"og:locale\" content=\"es_ES\" \/>\n<meta property=\"og:type\" content=\"article\" \/>\n<meta property=\"og:title\" content=\"Autoritzaci\u00f3 de la Conselleria | Patronat Municipal d&#039;Escoles d&#039;Infants\" \/>\n<meta property=\"og:description\" content=\"presentaci\u00f3 Autoritzaci\u00f3 de la conselleria Totes les escoles infantils del Patronat estan autoritzades i inscrites a la Xarxa d\u2019Escoles Infantils P\u00fabliques de les Illes Balears; d\u2019aquesta manera, a nivell normatiu, es regeixen pel Decret 60\/2008 i per les Instruccions per a l\u2019organitzaci\u00f3 i el funcionament dels centres d\u2019educaci\u00f3 infantil de titularitat p\u00fablica (que es publiquen [&hellip;]\" \/>\n<meta property=\"og:url\" content=\"https:\/\/palmaescolesinfants.cat\/autoritzacio-de-la-conselleria\/\" \/>\n<meta property=\"og:site_name\" content=\"Patronat Municipal d&#039;Escoles d&#039;Infants de l&#039;Ajuntament de Palma\" \/>\n<meta property=\"article:modified_time\" content=\"2022-08-18T12:19:23+00:00\" \/>\n<meta name=\"twitter:card\" content=\"summary_large_image\" \/>\n<script type=\"application\/ld+json\" class=\"yoast-schema-graph\">{\"@context\":\"https:\/\/schema.org\",\"@graph\":[{\"@type\":\"WebPage\",\"@id\":\"https:\/\/palmaescolesinfants.cat\/autoritzacio-de-la-conselleria\/\",\"url\":\"https:\/\/palmaescolesinfants.cat\/autoritzacio-de-la-conselleria\/\",\"name\":\"Autoritzaci\u00f3 de la Conselleria | Patronat Municipal d'Escoles d'Infants\",\"isPartOf\":{\"@id\":\"https:\/\/palmaescolesinfants.cat\/#website\"},\"datePublished\":\"2022-02-24T13:28:21+00:00\",\"dateModified\":\"2022-08-18T12:19:23+00:00\",\"breadcrumb\":{\"@id\":\"https:\/\/palmaescolesinfants.cat\/autoritzacio-de-la-conselleria\/#breadcrumb\"},\"inLanguage\":\"es\",\"potentialAction\":[{\"@type\":\"ReadAction\",\"target\":[\"https:\/\/palmaescolesinfants.cat\/autoritzacio-de-la-conselleria\/\"]}]},{\"@type\":\"BreadcrumbList\",\"@id\":\"https:\/\/palmaescolesinfants.cat\/autoritzacio-de-la-conselleria\/#breadcrumb\",\"itemListElement\":[{\"@type\":\"ListItem\",\"position\":1,\"name\":\"Portada\",\"item\":\"https:\/\/palmaescolesinfants.cat\/\"},{\"@type\":\"ListItem\",\"position\":2,\"name\":\"Autoritzaci\u00f3 de la conselleria\"}]},{\"@type\":\"WebSite\",\"@id\":\"https:\/\/palmaescolesinfants.cat\/#website\",\"url\":\"https:\/\/palmaescolesinfants.cat\/\",\"name\":\"Patronat Municipal d&#039;Escoles d&#039;Infants de l&#039;Ajuntament de Palma\",\"description\":\"L&#039;educaci\u00f3 dels infants \u00e9s el nostre principal objectiu\",\"potentialAction\":[{\"@type\":\"SearchAction\",\"target\":{\"@type\":\"EntryPoint\",\"urlTemplate\":\"https:\/\/palmaescolesinfants.cat\/?s={search_term_string}\"},\"query-input\":{\"@type\":\"PropertyValueSpecification\",\"valueRequired\":true,\"valueName\":\"search_term_string\"}}],\"inLanguage\":\"es\"}]}<\/script>\n<!-- \/ Yoast SEO plugin. -->","yoast_head_json":{"title":"Autoritzaci\u00f3 de la Conselleria | Patronat Municipal d'Escoles d'Infants","robots":{"index":"index","follow":"follow","max-snippet":"max-snippet:-1","max-image-preview":"max-image-preview:large","max-video-preview":"max-video-preview:-1"},"canonical":"https:\/\/palmaescolesinfants.cat\/autoritzacio-de-la-conselleria\/","og_locale":"es_ES","og_type":"article","og_title":"Autoritzaci\u00f3 de la Conselleria | Patronat Municipal d'Escoles d'Infants","og_description":"presentaci\u00f3 Autoritzaci\u00f3 de la conselleria Totes les escoles infantils del Patronat estan autoritzades i inscrites a la Xarxa d\u2019Escoles Infantils P\u00fabliques de les Illes Balears; d\u2019aquesta manera, a nivell normatiu, es regeixen pel Decret 60\/2008 i per les Instruccions per a l\u2019organitzaci\u00f3 i el funcionament dels centres d\u2019educaci\u00f3 infantil de titularitat p\u00fablica (que es publiquen [&hellip;]","og_url":"https:\/\/palmaescolesinfants.cat\/autoritzacio-de-la-conselleria\/","og_site_name":"Patronat Municipal d&#039;Escoles d&#039;Infants de l&#039;Ajuntament de Palma","article_modified_time":"2022-08-18T12:19:23+00:00","twitter_card":"summary_large_image","schema":{"@context":"https:\/\/schema.org","@graph":[{"@type":"WebPage","@id":"https:\/\/palmaescolesinfants.cat\/autoritzacio-de-la-conselleria\/","url":"https:\/\/palmaescolesinfants.cat\/autoritzacio-de-la-conselleria\/","name":"Autoritzaci\u00f3 de la Conselleria | Patronat Municipal d'Escoles d'Infants","isPartOf":{"@id":"https:\/\/palmaescolesinfants.cat\/#website"},"datePublished":"2022-02-24T13:28:21+00:00","dateModified":"2022-08-18T12:19:23+00:00","breadcrumb":{"@id":"https:\/\/palmaescolesinfants.cat\/autoritzacio-de-la-conselleria\/#breadcrumb"},"inLanguage":"es","potentialAction":[{"@type":"ReadAction","target":["https:\/\/palmaescolesinfants.cat\/autoritzacio-de-la-conselleria\/"]}]},{"@type":"BreadcrumbList","@id":"https:\/\/palmaescolesinfants.cat\/autoritzacio-de-la-conselleria\/#breadcrumb","itemListElement":[{"@type":"ListItem","position":1,"name":"Portada","item":"https:\/\/palmaescolesinfants.cat\/"},{"@type":"ListItem","position":2,"name":"Autoritzaci\u00f3 de la conselleria"}]},{"@type":"WebSite","@id":"https:\/\/palmaescolesinfants.cat\/#website","url":"https:\/\/palmaescolesinfants.cat\/","name":"Patronat Municipal d&#039;Escoles d&#039;Infants de l&#039;Ajuntament de Palma","description":"L&#039;educaci\u00f3 dels infants \u00e9s el nostre principal objectiu","potentialAction":[{"@type":"SearchAction","target":{"@type":"EntryPoint","urlTemplate":"https:\/\/palmaescolesinfants.cat\/?s={search_term_string}"},"query-input":{"@type":"PropertyValueSpecification","valueRequired":true,"valueName":"search_term_string"}}],"inLanguage":"es"}]}},"_links":{"self":[{"href":"https:\/\/palmaescolesinfants.cat\/es\/wp-json\/wp\/v2\/pages\/567","targetHints":{"allow":["GET"]}}],"collection":[{"href":"https:\/\/palmaescolesinfants.cat\/es\/wp-json\/wp\/v2\/pages"}],"about":[{"href":"https:\/\/palmaescolesinfants.cat\/es\/wp-json\/wp\/v2\/types\/page"}],"author":[{"embeddable":true,"href":"https:\/\/palmaescolesinfants.cat\/es\/wp-json\/wp\/v2\/users\/1"}],"replies":[{"embeddable":true,"href":"https:\/\/palmaescolesinfants.cat\/es\/wp-json\/wp\/v2\/comments?post=567"}],"version-history":[{"count":29,"href":"https:\/\/palmaescolesinfants.cat\/es\/wp-json\/wp\/v2\/pages\/567\/revisions"}],"predecessor-version":[{"id":2728,"href":"https:\/\/palmaescolesinfants.cat\/es\/wp-json\/wp\/v2\/pages\/567\/revisions\/2728"}],"wp:attachment":[{"href":"https:\/\/palmaescolesinfants.cat\/es\/wp-json\/wp\/v2\/media?parent=567"}],"curies":[{"name":"wp","href":"https:\/\/api.w.org\/{rel}","templated":true}]}}